{"id":203,"date":"2019-02-02T12:37:35","date_gmt":"2019-02-02T12:37:35","guid":{"rendered":"http:\/\/www.dernekdanismani.org\/?page_id=203"},"modified":"2019-02-02T12:37:35","modified_gmt":"2019-02-02T12:37:35","slug":"spor-kulubu-acma","status":"publish","type":"page","link":"http:\/\/www.dernekdanismani.org\/index.php\/spor-kulubu-acma\/","title":{"rendered":"Spor Kul\u00fcb\u00fc a\u00e7ma"},"content":{"rendered":"\n<p>  <br>Derneklerden ba\u015fvurmalar\u0131 halinde; spor faaliyetine y\u00f6nelik olanlar spor kul\u00fcb\u00fc, bo\u015f zamanlar\u0131 de\u011ferlendirme faaliyetine y\u00f6nelik olanlar gen\u00e7lik kul\u00fcb\u00fc ve her iki faaliyeti birlikte ama\u00e7layanlar gen\u00e7lik ve spor kul\u00fcb\u00fc stat\u00fcs\u00fcn\u00fc kazan\u0131rlar. <\/p>\n\n\n\n<p>Dernekler, a\u00e7mak istedikleri Spor Kul\u00fcplerini a\u015fa\u011f\u0131daki Y\u00f6netmeli\u011fe g\u00f6re a\u00e7abilirler.<\/p>\n\n\n\n<p><strong>Gen\u00e7lik ve Spor Kul\u00fcpleri Y\u00f6netmeli\u011fi <\/strong><\/p>\n\n\n\n<p><strong>Gen\u00e7lik ve Spor Kul\u00fcpleri Y\u00f6netmeli\u011fi (Resmi Gazete Tarihi: 08\/07\/2005 Say\u0131s\u0131: 25869)<\/strong><\/p>\n\n\n\n<p>(08 Temmuz 2005 tarihli resmi gazeteden al\u0131nm\u0131\u015ft\u0131r)<br><br><strong>Y\u00f6netmelik<\/strong><\/p>\n\n\n\n<p>Devlet Bakan\u0131 ve Ba\u015fbakan Yard\u0131mc\u0131l\u0131\u011f\u0131ndan:Gen\u00e7lik ve Spor Genel M\u00fcd\u00fcrl\u00fc\u011f\u00fcGen\u00e7lik ve Spor Kul\u00fcpleri Y\u00f6netmeli\u011fi<\/p>\n\n\n\n<p><strong>B\u0130R\u0130NC\u0130 KISIM<\/strong><\/p>\n\n\n\n<p>Genel H\u00fck\u00fcmler<\/p>\n\n\n\n<p><strong>B\u0130R\u0130NC\u0130 B\u00d6L\u00dcM<\/strong><\/p>\n\n\n\n<p>Ama\u00e7, Kapsam, Dayanak ve Tan\u0131mlar<\/p>\n\n\n\n<p><strong>Ama\u00e7<\/strong><\/p>\n\n\n\n<p><strong>Madde 1<\/strong>&nbsp;\u2014 Bu Y\u00f6netmeli\u011fin amac\u0131; gen\u00e7lik kul\u00fcb\u00fc, spor kul\u00fcb\u00fc, gen\u00e7lik ve spor kul\u00fcb\u00fc ad\u0131n\u0131 alan derneklerin organlar\u0131n\u0131n te\u015fkili, g\u00f6rev ve yetkileri, denetimleri, yap\u0131lacak yard\u0131mlar\u0131n \u015fekil ve \u015fartlar\u0131, \u00fcst kurulu\u015f olu\u015fturmalar\u0131, gen\u00e7lik ve spor faaliyetlerini y\u00fcr\u00fcteceklerin nitelikleri ile kul\u00fcplerin kay\u0131t ve tesciline ili\u015fkin usul ve esaslar\u0131 d\u00fczenlemektir.<\/p>\n\n\n\n<p><strong>Kapsam<\/strong><\/p>\n\n\n\n<p><strong>Madde 2&nbsp;<\/strong>\u2014 Bu Y\u00f6netmelik; gen\u00e7lik faaliyeti, spor faaliyeti veya her iki faaliyeti birlikte y\u00fcr\u00fctmek amac\u0131yla kurulan ve Gen\u00e7lik ve Spor Genel M\u00fcd\u00fcrl\u00fc\u011f\u00fcne kay\u0131t ve tescillerini yapt\u0131rarak&nbsp; kul\u00fcp ad\u0131n\u0131 alan dernekleri&nbsp; kapsar.<\/p>\n\n\n\n<p><strong>Dayanak<\/strong><\/p>\n\n\n\n<p><strong>Madde 3&nbsp;<\/strong>\u2014 Bu Y\u00f6netmelik, 4\/11\/2004 tarihli ve 5253 say\u0131l\u0131 Dernekler Kanununun 14 \u00fcnc\u00fc maddesi ile 21\/5\/1986 tarihli ve&nbsp; 3289 say\u0131l\u0131 Gen\u00e7lik ve Spor Genel M\u00fcd\u00fcrl\u00fc\u011f\u00fcn\u00fcn Te\u015fkilat ve G\u00f6revleri Hakk\u0131nda Kanunun&nbsp; 20 nci maddesine dayan\u0131larak haz\u0131rlanm\u0131\u015ft\u0131r.<\/p>\n\n\n\n<p><strong>Tan\u0131mlar<\/strong><\/p>\n\n\n\n<p><strong>Madde 4<\/strong>&nbsp;\u2014 Bu Y\u00f6netmelikte ge\u00e7en;&nbsp;<\/p>\n\n\n\n<p>Kanun: 5253 say\u0131l\u0131 Dernekler Kanununu,<\/p>\n\n\n\n<p>Bakanl\u0131k: Gen\u00e7lik ve Spor Genel M\u00fcd\u00fcrl\u00fc\u011f\u00fcn\u00fcn ba\u011fl\u0131 bulundu\u011fu Bakanl\u0131\u011f\u0131,<\/p>\n\n\n\n<p>Te\u015fkilat: Gen\u00e7lik ve Spor Genel M\u00fcd\u00fcrl\u00fc\u011f\u00fcn\u00fcn merkez ve ta\u015fra te\u015fkilat\u0131n\u0131,<\/p>\n\n\n\n<p>Genel M\u00fcd\u00fcrl\u00fck: Gen\u00e7lik ve Spor Genel M\u00fcd\u00fcrl\u00fc\u011f\u00fcn\u00fc,<\/p>\n\n\n\n<p>Genel M\u00fcd\u00fcr: Gen\u00e7lik ve Spor Genel M\u00fcd\u00fcr\u00fcn\u00fc,<br>&nbsp;&nbsp;&nbsp;&nbsp;&nbsp;&nbsp;&nbsp; M\u00fclki \u0130dare Amirli\u011fi: Dernek merkezinin bulundu\u011fu yerin Valilik veya Kaymakaml\u0131\u011f\u0131n\u0131,<br>&nbsp;&nbsp;&nbsp;&nbsp;&nbsp;&nbsp;&nbsp; M\u00fclki \u0130dare Amiri: Dernek merkezinin bulundu\u011fu yerin Vali veya Kaymakam\u0131n\u0131,<\/p>\n\n\n\n<p>\u0130l ba\u015fkanl\u0131\u011f\u0131: Gen\u00e7lik ve spor il ba\u015fkanl\u0131\u011f\u0131n\u0131,<\/p>\n\n\n\n<p>\u0130l ba\u015fkan\u0131: Gen\u00e7lik ve spor il ba\u015fkan\u0131n\u0131,<\/p>\n\n\n\n<p>\u0130l m\u00fcd\u00fcrl\u00fc\u011f\u00fc: Gen\u00e7lik ve spor il m\u00fcd\u00fcrl\u00fc\u011f\u00fcn\u00fc,<br>&nbsp;&nbsp;&nbsp;&nbsp;&nbsp;&nbsp;&nbsp; \u0130l M\u00fcd\u00fcr\u00fc: Gen\u00e7lik ve Spor \u0130l M\u00fcd\u00fcr\u00fcn\u00fc,<\/p>\n\n\n\n<p>\u0130l\u00e7e m\u00fcd\u00fcrl\u00fc\u011f\u00fc: Gen\u00e7lik ve spor il\u00e7e m\u00fcd\u00fcrl\u00fc\u011f\u00fcn\u00fc,<\/p>\n\n\n\n<p>\u00dcst kurulu\u015f: Kul\u00fcplerin olu\u015fturdu\u011fu t\u00fczel ki\u015fili\u011fi bulunan federasyonlar\u0131 veya federasyonlar\u0131n olu\u015fturdu\u011fu konfederasyonlar\u0131,<\/p>\n\n\n\n<p>\u015eube: Kul\u00fcp faaliyetlerinin y\u00fcr\u00fct\u00fclebilmesi i\u00e7in bir kul\u00fcbe ba\u011fl\u0131 olarak a\u00e7\u0131lan, t\u00fczel ki\u015fili\u011fi olmayan ve b\u00fcnyesinde organlar\u0131 bulunan alt birimi,<\/p>\n\n\n\n<p>Kul\u00fcp: Gen\u00e7lik faaliyeti, spor faaliyeti veya gen\u00e7lik ve spor faaliyetinde bulunmak amac\u0131yla kurularak Genel M\u00fcd\u00fcrl\u00fc\u011fe kay\u0131t ve tescillerini yapt\u0131ran dernekleri,<\/p>\n\n\n\n<p>Spor kul\u00fcb\u00fc: Spor faaliyetlerinde bulunmak amac\u0131yla kurularak Genel M\u00fcd\u00fcrl\u00fc\u011fe kay\u0131t ve tescilini yapt\u0131ran dernekleri,<\/p>\n\n\n\n<p>Gen\u00e7lik kul\u00fcb\u00fc: Gen\u00e7lik faaliyetlerinde bulunmak amac\u0131yla kurularak Genel M\u00fcd\u00fcrl\u00fc\u011fe kay\u0131t ve tescilini yapt\u0131ran dernekleri,<\/p>\n\n\n\n<p>Gen\u00e7lik ve spor kul\u00fcb\u00fc: Gen\u00e7lik ve spor faaliyetlerinde bulunmak amac\u0131yla kurularak Genel M\u00fcd\u00fcrl\u00fc\u011fe faaliyetleri y\u00f6n\u00fcnden ayr\u0131 ayr\u0131 kay\u0131t ve tescillerini yapt\u0131ran dernekleri,<\/p>\n\n\n\n<p>Gen\u00e7lik faaliyeti: Gen\u00e7lerin bo\u015f zamanlar\u0131n\u0131 ilgi ve yetenekleri do\u011frultusunda de\u011ferlendirmelerini sa\u011flayan e\u011fitsel, sanatsal, k\u00fclt\u00fcrel ve bilimsel \u00e7al\u0131\u015fmalar\u0131,<\/p>\n\n\n\n<p>Spor faaliyeti: Spor yar\u0131\u015fmalar\u0131 ile sportif e\u011fitim \u00e7al\u0131\u015fmalar\u0131n\u0131,<\/p>\n\n\n\n<p>\u0130fade eder.<\/p>\n\n\n\n<p><strong>\u0130K\u0130NC\u0130 B\u00d6L\u00dcM<\/strong><\/p>\n\n\n\n<p><strong>Genel Esaslar<\/strong><\/p>\n\n\n\n<p><strong>Kul\u00fcplerin stat\u00fcs\u00fc ve t\u00fcrleri<\/strong><\/p>\n\n\n\n<p><strong>Madde 5<\/strong>&nbsp;\u2014 Derneklerden ba\u015fvurmalar\u0131 halinde; spor faaliyetine y\u00f6nelik olanlar spor kul\u00fcb\u00fc, bo\u015f zamanlar\u0131 de\u011ferlendirme faaliyetine y\u00f6nelik olanlar gen\u00e7lik kul\u00fcb\u00fc ve her iki faaliyeti birlikte ama\u00e7layanlar gen\u00e7lik ve spor kul\u00fcb\u00fc stat\u00fcs\u00fcn\u00fc kazan\u0131rlar.<\/p>\n\n\n\n<p>Kul\u00fcpler; 4\/11\/2004 tarihli ve 5253 say\u0131l\u0131 Dernekler Kanunu ile 31\/3\/2005 tarihli ve 25772 say\u0131l\u0131 Resm\u00ee Gazete\u2019de yay\u0131mlanan Dernekler Y\u00f6netmeli\u011finde belirtilen ger\u00e7ek ve t\u00fczel ki\u015filer taraf\u0131ndan kurulabilir.<\/p>\n\n\n\n<p><strong>Kul\u00fcp organlar\u0131<\/strong><\/p>\n\n\n\n<p><strong>Madde 6<\/strong>&nbsp;\u2014 Te\u015fkilata kay\u0131t ve tescili yap\u0131lan her kul\u00fcb\u00fcn a\u015fa\u011f\u0131da belirtilen organlar\u0131 olu\u015fturmas\u0131 zorunludur:<\/p>\n\n\n\n<p><strong>a)<\/strong>&nbsp;Genel kurul,<\/p>\n\n\n\n<p><strong>b)&nbsp;<\/strong>Y\u00f6netim kurulu,<\/p>\n\n\n\n<p><strong>c)&nbsp;<\/strong>Denetim kurulu.<\/p>\n\n\n\n<p>Kul\u00fcpler zorunlu organlar d\u0131\u015f\u0131nda ba\u015fka organlar da olu\u015fturabilir. Ancak, zorunlu organlar\u0131n g\u00f6rev, yetki ve sorumluluklar\u0131 bu organlara devredilemez.<\/p>\n\n\n\n<p><strong>Genel kurulun olu\u015fumu ve toplanmas\u0131<\/strong><\/p>\n\n\n\n<p><strong>Madde 7&nbsp;<\/strong>\u2014 Genel kurul, kul\u00fcb\u00fcn en yetkili karar organ\u0131d\u0131r. Genel kurulun ka\u00e7 \u00fcyeden olu\u015faca\u011f\u0131 ve \u00fcyelerin belirlenme y\u00f6ntemleri t\u00fcz\u00fcklerinde yer al\u0131r. Kul\u00fcbe kay\u0131tl\u0131 \u00fcyelerin d\u0131\u015f\u0131nda, genel kurula \u00fcye se\u00e7ilemez.<\/p>\n\n\n\n<p>Genel kurul, t\u00fcz\u00fckte belirtilen zamanda y\u00f6netim kurulunun \u00e7a\u011fr\u0131s\u0131 \u00fczerine toplan\u0131r. Ola\u011fan genel kurul toplant\u0131lar\u0131n\u0131n en ge\u00e7 \u00fc\u00e7 y\u0131lda bir yap\u0131lmas\u0131 zorunludur.<\/p>\n\n\n\n<p>Genel kurul, y\u00f6netim veya denetim kurulunun gerekli g\u00f6rd\u00fc\u011f\u00fc hallerde veya kul\u00fcp \u00fcyelerinden be\u015fte birinin yaz\u0131l\u0131 ba\u015fvurusu \u00fczerine, y\u00f6netim kurulunca ola\u011fan\u00fcst\u00fc toplant\u0131ya \u00e7a\u011fr\u0131l\u0131r. Y\u00f6netim kurulu, genel kurulu toplant\u0131ya \u00e7a\u011f\u0131rmazsa \u00fcyelerden birinin ba\u015fvurusu \u00fczerine sulh hukuk h\u00e2kimi, \u00fc\u00e7 \u00fcyeyi genel kurulu toplant\u0131ya \u00e7a\u011f\u0131rmakla g\u00f6revlendirir.<\/p>\n\n\n\n<p>22\/11\/2001 tarihli ve 4721 say\u0131l\u0131 T\u00fcrk Medeni Kanununun 76 nc\u0131 maddesine dayan\u0131larak b\u00fct\u00fcn \u00fcyelerin bir araya gelmeksizin yaz\u0131l\u0131 kat\u0131l\u0131m\u0131yla al\u0131nan kararlar ile kul\u00fcp \u00fcyelerinin tamam\u0131n\u0131n 4\/11\/2004 tarihli ve 5253 say\u0131l\u0131 Kanunda yaz\u0131l\u0131 \u00e7a\u011fr\u0131 usul\u00fcne uymaks\u0131z\u0131n bir araya gelerek ald\u0131\u011f\u0131 kararlar ge\u00e7erlidir. Bu \u015fekilde karar al\u0131nmas\u0131, ola\u011fan toplant\u0131 yerine ge\u00e7mez.&nbsp;<\/p>\n\n\n\n<p><strong>Toplant\u0131ya \u00e7a\u011fr\u0131 usul\u00fc<\/strong><\/p>\n\n\n\n<p><strong>Madde 8&nbsp;<\/strong>\u2014 Y\u00f6netim kurulu, kul\u00fcp t\u00fcz\u00fc\u011f\u00fcne g\u00f6re genel kurula kat\u0131lma hakk\u0131 bulunan \u00fcyelerin listesini d\u00fczenler. \u00dcyeler; en az on be\u015f g\u00fcn \u00f6nceden g\u00fcn\u00fc, saati, yeri ve g\u00fcndemi g\u00fcnl\u00fck bir gazetede ilan edilmek veya yaz\u0131l\u0131 yada elektronik posta ile bildirilmek suretiyle toplant\u0131ya \u00e7a\u011fr\u0131l\u0131r. Bu \u00e7a\u011fr\u0131da; \u00e7o\u011funluk sa\u011flanamamas\u0131 sebebiyle toplant\u0131 yap\u0131lmaz ise, ikinci toplant\u0131n\u0131n hangi g\u00fcn yap\u0131laca\u011f\u0131 da belirtilir. \u0130lk toplant\u0131 g\u00fcn\u00fc ile ikinci toplant\u0131 aras\u0131nda b\u0131rak\u0131lacak zaman bir haftadan az, altm\u0131\u015f g\u00fcnden \u00e7ok olamaz.<\/p>\n\n\n\n<p>Toplant\u0131 \u00e7o\u011funluk sa\u011flanamamas\u0131n\u0131n d\u0131\u015f\u0131nda ba\u015fka bir sebeple ertelenirse, bu durum sebepleri de belirtilmek suretiyle ilk toplant\u0131 i\u00e7in yap\u0131lan \u00e7a\u011fr\u0131 usul\u00fcne uygun olarak \u00fcyelere duyurulur. \u0130kinci toplant\u0131n\u0131n, ertelenme tarihinden itibaren en ge\u00e7 alt\u0131 ay i\u00e7inde yap\u0131lmas\u0131 zorunludur.<\/p>\n\n\n\n<p>Genel kurul toplant\u0131s\u0131 bir defadan fazla geri b\u0131rak\u0131lamaz.<\/p>\n\n\n\n<p><strong>Toplant\u0131 yeri ve yeter say\u0131s\u0131<\/strong><\/p>\n\n\n\n<p><strong>Madde 9<\/strong>&nbsp;\u2014 Genel kurul toplant\u0131lar\u0131, t\u00fcz\u00fckte aksine h\u00fck\u00fcm bulunmad\u0131k\u00e7a, kul\u00fcp merkezinin bulundu\u011fu il veya il\u00e7ede yap\u0131l\u0131r.<\/p>\n\n\n\n<p>Genel kurul; kat\u0131lma hakk\u0131 bulunan \u00fcyelerin salt \u00e7o\u011funlu\u011funun, t\u00fcz\u00fck de\u011fi\u015fikli\u011fi ve kul\u00fcb\u00fcn feshi hallerinde \u00fc\u00e7te ikisinin kat\u0131l\u0131m\u0131yla toplan\u0131r. \u00c7o\u011funlu\u011fun sa\u011flanamamas\u0131 sebebiyle toplant\u0131n\u0131n ertelenmesi durumunda ikinci toplant\u0131da \u00e7o\u011funluk aranmaz. Ancak, bu toplant\u0131ya kat\u0131lan \u00fcye say\u0131s\u0131, y\u00f6netim ve denetim kurullar\u0131 asil \u00fcye tam say\u0131s\u0131n\u0131n iki kat\u0131ndan az olamaz.<\/p>\n\n\n\n<p><strong>Toplant\u0131 usul\u00fc<\/strong><\/p>\n\n\n\n<p><strong>Madde 10<\/strong>&nbsp;\u2014 Genel kurul toplant\u0131s\u0131n\u0131n a\u00e7\u0131l\u0131\u015f\u0131ndan sonra, toplant\u0131y\u0131 y\u00f6netmek \u00fczere bir ba\u015fkan, yeteri kadar ba\u015fkan vekili ile yazman se\u00e7ilir.<\/p>\n\n\n\n<p>Genel kurul toplant\u0131s\u0131nda yaln\u0131z g\u00fcndemde yer alan maddeler g\u00f6r\u00fc\u015f\u00fcl\u00fcr. Ancak, toplant\u0131da haz\u0131r bulunan \u00fcyelerin en az onda biri taraf\u0131ndan g\u00f6r\u00fc\u015f\u00fclmesi yaz\u0131l\u0131 olarak istenen konular\u0131n g\u00fcndeme al\u0131nmas\u0131 zorunludur.<\/p>\n\n\n\n<p><strong>Genel kurulun g\u00f6rev ve yetkileri<\/strong><\/p>\n\n\n\n<p><strong>Madde 11&nbsp;<\/strong>\u2014 Genel kurul a\u015fa\u011f\u0131daki konularda g\u00f6revli ve yetkilidir:<\/p>\n\n\n\n<p><strong>a)<\/strong>&nbsp;Kul\u00fcp organlar\u0131n\u0131 se\u00e7mek.<\/p>\n\n\n\n<p><strong>b)<\/strong>&nbsp;Kul\u00fcp t\u00fcz\u00fc\u011f\u00fcn\u00fc de\u011fi\u015ftirmek.<\/p>\n\n\n\n<p><strong>c)<\/strong>&nbsp;Y\u00f6netim ve denetim kurullar\u0131 raporlar\u0131n\u0131 g\u00f6r\u00fc\u015fmek, y\u00f6netim kurulunu ibra etmek.<\/p>\n\n\n\n<p><strong>d)<\/strong>&nbsp;Y\u00f6netim kurulunca haz\u0131rlanan b\u00fct\u00e7eyi g\u00f6r\u00fc\u015ferek aynen veya de\u011fi\u015ftirerek kabul etmek.<\/p>\n\n\n\n<p><strong>e)<\/strong>&nbsp;Kul\u00fcp i\u00e7in gerekli ta\u015f\u0131nmaz mallar\u0131n sat\u0131n al\u0131nmas\u0131 veya mevcut ta\u015f\u0131nmaz mallar\u0131n sat\u0131lmas\u0131 konusunda y\u00f6netim kuruluna yetki vermek.<\/p>\n\n\n\n<p><strong>f)<\/strong>&nbsp;Kul\u00fcb\u00fcn federasyona kat\u0131lmas\u0131 veya ayr\u0131lmas\u0131 konusunda karar vermek.<\/p>\n\n\n\n<p><strong>g)<\/strong>&nbsp;Kul\u00fcb\u00fcn uluslararas\u0131 faaliyette ve i\u015fbirli\u011finde bulunmas\u0131, yurt d\u0131\u015f\u0131nda temsilcilik veya \u015fube a\u00e7mas\u0131, yurt d\u0131\u015f\u0131nda a\u00e7\u0131lm\u0131\u015f kurulu\u015flara \u00fcye olarak kat\u0131lmas\u0131 ve ayr\u0131lmas\u0131 konusunda karar vermek.<\/p>\n\n\n\n<p><strong>h)<\/strong>&nbsp;Kul\u00fcb\u00fc feshetmek.<\/p>\n\n\n\n<p><strong>i)&nbsp;<\/strong>\u00dcyeli\u011fe kabul ve \u00fcyelikten \u00e7\u0131karma hakk\u0131nda son karar\u0131 vermek.<\/p>\n\n\n\n<p><strong>j)<\/strong>&nbsp;Kul\u00fcb\u00fcn di\u011fer organlar\u0131n\u0131 denetlemek ve onlar\u0131 hakl\u0131 sebeplerle g\u00f6revden almak.<\/p>\n\n\n\n<p><strong>k)<\/strong>&nbsp;\u015eube a\u00e7\u0131lmas\u0131na karar vermek.<\/p>\n\n\n\n<p><strong>l)&nbsp;<\/strong>Mevzuatta ve kul\u00fcp t\u00fcz\u00fc\u011f\u00fcnde belirtilen di\u011fer g\u00f6revleri yapmak.<\/p>\n\n\n\n<p>Genel kurul kararlar\u0131, toplant\u0131ya kat\u0131lan \u00fcyelerin salt \u00e7o\u011funlu\u011fu ile al\u0131n\u0131r. Ancak, t\u00fcz\u00fck de\u011fi\u015fikli\u011fi ve derne\u011fin feshi kararlar\u0131 i\u00e7in toplant\u0131ya kat\u0131lan \u00fcyelerin \u00fc\u00e7te iki \u00e7o\u011funlu\u011fu aran\u0131r.<\/p>\n\n\n\n<p><strong>Y\u00f6netim kurulunun olu\u015fumu, g\u00f6rev ve yetkileri<\/strong><\/p>\n\n\n\n<p><strong>Madde 12&nbsp;<\/strong>\u2014 Y\u00f6netim kurulu; be\u015f asil ve be\u015f yedek \u00fcyeden az olmamak \u00fczere kul\u00fcp t\u00fcz\u00fc\u011f\u00fcnde belirtilen say\u0131da olu\u015fur.<\/p>\n\n\n\n<p>Y\u00f6netim kurulu \u00fcye say\u0131s\u0131 bo\u015falmalar sebebiyle \u00fcye tam say\u0131s\u0131n\u0131n yar\u0131s\u0131n\u0131n alt\u0131na d\u00fc\u015ferse; genel kurul, kalan y\u00f6netim kurulu \u00fcyeleri veya denetim kurulu taraf\u0131ndan bir ay i\u00e7inde toplant\u0131ya \u00e7a\u011fr\u0131l\u0131r. \u00c7a\u011fr\u0131 yap\u0131lmazsa \u00fcyelerden birinin istemi \u00fczerine sulh hukuk h\u00e2kimi, \u00fc\u00e7 \u00fcyeyi genel kurulu toplant\u0131ya \u00e7a\u011f\u0131rmakla g\u00f6revlendirir.<\/p>\n\n\n\n<p>Y\u00f6netim kurulu a\u015fa\u011f\u0131daki konularda g\u00f6revli ve yetkilidir:<\/p>\n\n\n\n<p><strong>a)<\/strong>&nbsp;Kul\u00fcb\u00fc temsil etmek veya bu g\u00f6revi \u00fcyelerden birine veya bir \u00fc\u00e7\u00fcnc\u00fc ki\u015fiye vermek.<\/p>\n\n\n\n<p><strong>b)&nbsp;<\/strong>\u015eube kurucular\u0131na yetki vermek.<\/p>\n\n\n\n<p><strong>c)<\/strong>&nbsp;Kul\u00fcb\u00fcn gelir ve gider hesaplar\u0131na dair i\u015flemleri yapmak ve gelecek d\u00f6neme ait b\u00fct\u00e7eyi haz\u0131rlayarak genel kurula sunmak.<\/p>\n\n\n\n<p><strong>d)<\/strong>&nbsp;\u00dcyelik ba\u015fvurular\u0131n\u0131 karara ba\u011flamak.<\/p>\n\n\n\n<p><strong>e)&nbsp;<\/strong>Kul\u00fcp y\u00fcr\u00fctme birimini g\u00f6revlendirmek.<\/p>\n\n\n\n<p><strong>f)<\/strong>&nbsp;Mevzuatta ve kul\u00fcp t\u00fcz\u00fc\u011f\u00fcnde yer alan ve genel kurulca verilen di\u011fer i\u015fleri yapmak.<\/p>\n\n\n\n<p><strong>Y\u00f6netim kurulunda g\u00f6rev alamayacaklar<\/strong><\/p>\n\n\n\n<p><strong>Madde 13<\/strong>&nbsp;\u2014 Genel M\u00fcd\u00fcrl\u00fck Merkez Ceza Kurulu, Genel M\u00fcd\u00fcrl\u00fck Ceza Kurulu, il ceza kurullar\u0131 ve&nbsp; Tahkim Kurulu ile \u00f6zerk federasyonlar\u0131n ceza veya disiplin kurullar\u0131 \u00fcyeleri, kul\u00fcplerin y\u00f6netim kurullar\u0131nda g\u00f6rev alamazlar. Bu g\u00f6revlere se\u00e7ilenler kul\u00fcplerindeki g\u00f6revlerinden ayr\u0131l\u0131rlar.<\/p>\n\n\n\n<p>Denetim kurulunun olu\u015fumu,&nbsp; g\u00f6rev ve yetkileri<\/p>\n\n\n\n<p><strong>Madde 14&nbsp;<\/strong>\u2014 Denetim kurulu \u00fc\u00e7 asil ve \u00fc\u00e7 yedek \u00fcyeden az olmamak \u00fczere kul\u00fcp t\u00fcz\u00fc\u011f\u00fcnde belirtilen say\u0131da olu\u015fur.<\/p>\n\n\n\n<p>Denetim kurulu, denetleme g\u00f6revini kul\u00fcp t\u00fcz\u00fc\u011f\u00fcnde belirtilen usul ve esaslara&nbsp;&nbsp; g\u00f6re yaparak denetleme sonu\u00e7lar\u0131n\u0131 bir raporla y\u00f6netim kuruluna ve genel kurula sunar.<\/p>\n\n\n\n<p>Kul\u00fcplerde i\u00e7 denetim esast\u0131r. Genel kurul, y\u00f6netim kurulu veya denetim kurulu taraf\u0131ndan i\u00e7 denetim yap\u0131labilece\u011fi gibi ba\u011f\u0131ms\u0131z denetim kurulu\u015flar\u0131na da denetim yapt\u0131r\u0131labilir. Genel kurul, y\u00f6netim kurulu veya ba\u011f\u0131ms\u0131z denetim kurulu\u015flar\u0131nca denetim yap\u0131lm\u0131\u015f olmas\u0131 denetim kurulunun y\u00fck\u00fcml\u00fcl\u00fc\u011f\u00fcn\u00fc ortadan kald\u0131rmaz.<\/p>\n\n\n\n<p>Denetim kurulu; kul\u00fcb\u00fcn, t\u00fcz\u00fc\u011f\u00fcnde g\u00f6sterilen ama\u00e7 ve amac\u0131n ger\u00e7ekle\u015ftirilmesi i\u00e7in s\u00fcrd\u00fcr\u00fclece\u011fi belirtilen \u00e7al\u0131\u015fma konular\u0131 do\u011frultusunda faaliyet g\u00f6sterip g\u00f6stermedi\u011fini, defter, hesap ve kay\u0131tlar\u0131n mevzuata ve kul\u00fcp t\u00fcz\u00fc\u011f\u00fcne uygun olarak tutulup tutulmad\u0131\u011f\u0131n\u0131 kul\u00fcp t\u00fcz\u00fc\u011f\u00fcnde tespit edilen usul ve esaslara&nbsp; g\u00f6re bir y\u0131l\u0131 ge\u00e7meyen aral\u0131klarla denetler ve denetim sonu\u00e7lar\u0131n\u0131 bir rapor halinde y\u00f6netim kuruluna ve genel kurula sunar.<\/p>\n\n\n\n<p>Denetim kurulu \u00fcyelerinin talebi \u00fczerine, her t\u00fcrl\u00fc bilgi, belge ve kay\u0131tlar\u0131n kul\u00fcp yetkilileri taraf\u0131ndan g\u00f6sterilmesi veya verilmesi, y\u00f6netim yerleri ile tesislerine girme iste\u011finin yerine getirilmesi zorunludur.<\/p>\n\n\n\n<p><strong>Kul\u00fcp \u015fubesi ve organlar\u0131<\/strong><\/p>\n\n\n\n<p><strong>Madde 15&nbsp;<\/strong>\u2014 Kul\u00fcpler; t\u00fcz\u00fcklerinde yer almas\u0131 ve genel kurul karar\u0131 ile kul\u00fcp merkezinin bulundu\u011fu il d\u0131\u015f\u0131nda olmak \u00fczere, birer \u015fube a\u00e7abilir. Kul\u00fcp y\u00f6netim kurulunca yetki verilen en az \u00fc\u00e7 ki\u015filik kurucular kurulu, \u015fube a\u00e7\u0131lacak yerin en b\u00fcy\u00fck m\u00fclki amirli\u011fine \u015fube kurulu\u015f bildirimini ve gerekli belgeleri verir. \u015eubeler, bu Y\u00f6netmelik h\u00fck\u00fcmlerine g\u00f6re faaliyetin yap\u0131laca\u011f\u0131 yerdeki il m\u00fcd\u00fcrl\u00fc\u011f\u00fcne kay\u0131t ve tescil i\u015flemlerini yapt\u0131rd\u0131ktan sonra kul\u00fcp ad\u0131n\u0131 alarak Te\u015fkilat faaliyetlerine kat\u0131l\u0131r.<\/p>\n\n\n\n<p>Her \u015fubede genel kurul, y\u00f6netim kurulu ve denetim kurulu veya denet\u00e7i bulunmas\u0131 zorunludur. Bu organlar\u0131n g\u00f6rev ve yetkileri ile \u015fubelere ili\u015fkin di\u011fer hususlar hakk\u0131nda 22\/11\/2001 tarihli ve 4721 say\u0131l\u0131 T\u00fcrk Medeni Kanunu, 4\/11\/2004 tarihli ve 5253 say\u0131l\u0131 Dernekler Kanunu ve 31\/3\/2005 tarihli ve 25772 say\u0131l\u0131 Resm\u00ee Gazete\u2019de yay\u0131mlanan Dernekler Y\u00f6netmeli\u011fi h\u00fck\u00fcmleri uygulan\u0131r.<\/p>\n\n\n\n<p>\u015eube genel kurullar\u0131, ola\u011fan toplant\u0131lar\u0131n\u0131 merkez genel kurul toplant\u0131s\u0131ndan en az iki ay \u00f6nce bitirmek zorundad\u0131r.<\/p>\n\n\n\n<p><strong>Kul\u00fcp organlar\u0131na se\u00e7ilenlerin idareye bildirilmesi<\/strong><\/p>\n\n\n\n<p><strong>Madde 16<\/strong>&nbsp;\u2014 Kul\u00fcpler; genel kurul toplant\u0131s\u0131 sonucunda y\u00f6netim ve denetim kurullar\u0131 ile di\u011fer organlara se\u00e7ilen asil ve yedek \u00fcyeleri ve t\u00fcz\u00fcklerinde yap\u0131lan de\u011fi\u015fiklikleri, genel kurul toplant\u0131 tarihinden itibaren, genel kurul toplant\u0131lar\u0131 d\u0131\u015f\u0131nda dernek organlar\u0131nda veya yerle\u015fim yerlerinde meydana gelen de\u011fi\u015fiklikleri de de\u011fi\u015fikli\u011fi izleyen tarihten itibaren, otuz g\u00fcn i\u00e7erisinde Dernekler Y\u00f6netmeli\u011findeki ilgili formu doldurarak ba\u011fl\u0131 bulunduklar\u0131 il m\u00fcd\u00fcrl\u00fcklerine ve m\u00fclki idare amirli\u011fine bildirmekle y\u00fck\u00fcml\u00fcd\u00fcrler.<\/p>\n\n\n\n<p><strong>Y\u00fcr\u00fctme birimi<\/strong><\/p>\n\n\n\n<p><strong>Madde 17<\/strong>&nbsp;\u2014 Genel sekreter ve genel sekretere ba\u011fl\u0131 \u00fccretli ve fahri g\u00f6revlilerden olu\u015fan y\u00fcr\u00fctme birimi, y\u00f6netim kurulu taraf\u0131ndan al\u0131nan kararlar do\u011frultusunda kul\u00fcp hizmet ve faaliyetlerinin y\u00fcr\u00fct\u00fclmesini sa\u011flamakla g\u00f6revlendirilirler. Bu ki\u015filerde kul\u00fcp \u00fcyesi olma \u015fart\u0131 aranmaz; hizmet konular\u0131nda bilgi, deneyim ve uzmanl\u0131klar\u0131n\u0131n bulunmas\u0131na dikkat edilir.<\/p>\n\n\n\n<p>Y\u00fcr\u00fctme birimi g\u00f6revlileri<\/p>\n\n\n\n<p><strong>Madde 18&nbsp;<\/strong>\u2014 Y\u00fcr\u00fctme biriminde hizmetlerin gerektirdi\u011fi ve kul\u00fcp imkanlar\u0131n\u0131n elverdi\u011fi oranda a\u015fa\u011f\u0131da belirtilen g\u00f6revliler bulunur:<\/p>\n\n\n\n<p><strong>a)&nbsp;<\/strong>Genel sekreter.<\/p>\n\n\n\n<p><strong>b)&nbsp;<\/strong>Sayman.<\/p>\n\n\n\n<p><strong>c)<\/strong>&nbsp;Doktor, sa\u011fl\u0131k personeli.<\/p>\n\n\n\n<p><strong>d)<\/strong>&nbsp;Tesis y\u00f6neticisi, malzeme g\u00f6revlisi.<\/p>\n\n\n\n<p><strong>e)<\/strong>&nbsp;Spor direkt\u00f6r\u00fc.<\/p>\n\n\n\n<p><strong>f)<\/strong>&nbsp;Genel kaptan.<\/p>\n\n\n\n<p><strong>g)<\/strong>&nbsp;Kaptan.<\/p>\n\n\n\n<p><strong>h)<\/strong>&nbsp;Teknik y\u00f6netici ve \u00f6\u011fretici.<\/p>\n\n\n\n<p><strong>i)<\/strong>&nbsp;Gen\u00e7lik koordinat\u00f6r\u00fc.<\/p>\n\n\n\n<p><strong>j)<\/strong>&nbsp;Gen\u00e7lik lideri, e\u011fitmen.<\/p>\n\n\n\n<p><strong>k)&nbsp;<\/strong>Y\u00f6netim Kurulunca istihdam\u0131 uygun g\u00f6r\u00fclen di\u011fer personel.<\/p>\n\n\n\n<p><strong>Y\u00fcr\u00fctme biriminin g\u00f6rev ve yetkileri<\/strong><\/p>\n\n\n\n<p><strong>Madde 19<\/strong>&nbsp;\u2014 Y\u00fcr\u00fctme biriminin g\u00f6rev ve yetkileri \u015funlard\u0131r:<\/p>\n\n\n\n<p><strong>a)<\/strong>&nbsp;Genel sekreter; gen\u00e7lik ve spor mevzuat\u0131 uyar\u0131nca ve y\u00f6netim kurulu kararlar\u0131 \u00e7er\u00e7evesinde, kul\u00fcb\u00fcn ama\u00e7lad\u0131\u011f\u0131 hizmet ve faaliyetler ile idari, mali ve teknik b\u00fct\u00fcn hizmetlerin y\u00fcr\u00fct\u00fclmesini sa\u011flamakla g\u00f6revli ve yetkili olup y\u00f6netim kuruluna kar\u015f\u0131 sorumludur. Ba\u015fkan ad\u0131na yaz\u0131\u015fma i\u015flerini y\u00fcr\u00fct\u00fcr. Y\u00f6netim kurulu toplant\u0131lar\u0131na kat\u0131l\u0131r, kurulun raport\u00f6rl\u00fck ve sekretarya g\u00f6revlerini yapar.<\/p>\n\n\n\n<p><strong>b)<\/strong>&nbsp;Sayman; kul\u00fcb\u00fcn hesap, gelir ve gider i\u015flemlerini y\u00fcr\u00fctmekle g\u00f6revli olup genel sekretere kar\u015f\u0131 sorumludur.<\/p>\n\n\n\n<p><strong>c)<\/strong>&nbsp;Doktor ve sa\u011fl\u0131k personeli; kul\u00fcb\u00fcn y\u00f6netim ve y\u00fcr\u00fctme personeli ile faaliyetlere ve yar\u0131\u015fmalara kat\u0131lanlar\u0131n sa\u011fl\u0131k hizmetlerini y\u00fcr\u00fctmekle g\u00f6revli olup genel sekretere kar\u015f\u0131 sorumludur.<\/p>\n\n\n\n<p><strong>d)<\/strong>&nbsp;Tesis y\u00f6neticisi ve malzeme g\u00f6revlisi; kul\u00fcp tesis ve malzemelerinin kul\u00fcp ama\u00e7lar\u0131na y\u00f6nelik hizmet ve faaliyetlere haz\u0131r bulundurulmas\u0131, g\u00fcvenlik, bak\u0131m, onar\u0131m hizmetlerine ait i\u015f ve i\u015flemleri y\u00fcr\u00fctmekle g\u00f6revli olup, genel sekretere kar\u015f\u0131 sorumludur.<\/p>\n\n\n\n<p><strong>e)<\/strong>&nbsp;Spor direkt\u00f6r\u00fc; spor kul\u00fcb\u00fcn\u00fcn faaliyet g\u00f6stermeyi \u00fcstlendi\u011fi b\u00fct\u00fcn dallarda e\u011fitim ve yar\u0131\u015fmalarla ilgili faaliyet ve hizmetleri y\u00fcr\u00fctmekle g\u00f6revli olup, genel sekretere kar\u015f\u0131 sorumludur.<\/p>\n\n\n\n<p><strong>f)<\/strong>&nbsp;Genel kaptan; kul\u00fcb\u00fcn taahh\u00fct etti\u011fi spor dallar\u0131n\u0131n her biri i\u00e7in spor direkt\u00f6r\u00fc ile genel sekreterin ortak teklifi \u00fczerine y\u00f6netim kurulu taraf\u0131ndan g\u00f6revlendirilir. Genel kaptan\u0131 olduklar\u0131 spor dal\u0131nda e\u011fitim \u00e7al\u0131\u015fmalar\u0131na, yar\u0131\u015fmalara ve benzeri faaliyetlere kat\u0131l\u0131m\u0131n ve niteli\u011fin art\u0131r\u0131lmas\u0131na y\u00f6nelik hizmetleri y\u00fcr\u00fctmekle g\u00f6revli olup, spor direkt\u00f6r\u00fcne kar\u015f\u0131 sorumludur.<\/p>\n\n\n\n<p><strong>g)<\/strong>&nbsp;Kaptan; kaptan\u0131 oldu\u011fu spor dal\u0131 kategorilerinde e\u011fitim \u00e7al\u0131\u015fmalar\u0131na, yar\u0131\u015fmalara ve benzeri faaliyetlere kat\u0131l\u0131m\u0131n ve niteli\u011fin art\u0131r\u0131lmas\u0131na y\u00f6nelik hizmetleri y\u00fcr\u00fctmekle g\u00f6revli olup, faaliyette bulunduklar\u0131 spor dal\u0131n\u0131n genel kaptan\u0131na kar\u015f\u0131 sorumludur.<\/p>\n\n\n\n<p><strong>h)<\/strong>&nbsp;Teknik y\u00f6netici ve \u00f6\u011fretici; kul\u00fcb\u00fcn taahh\u00fct etti\u011fi spor dallar\u0131nda \u00f6\u011freticilik ve e\u011fiticilik hizmetlerini yerine getirmekle, sporcular\u0131n fizik ve moral yeteneklerini \u00fcst d\u00fczeyde tutmak ve geli\u015ftirmek i\u00e7in gerekli \u00f6nlemleri almakla g\u00f6revli olup, ilgili genel kaptana veya y\u00f6netim kurulunun tespit edece\u011fi ki\u015fi veya kurula kar\u015f\u0131 sorumludur.<\/p>\n\n\n\n<p><strong>i)<\/strong>&nbsp;Gen\u00e7lik koordinat\u00f6r\u00fc; gen\u00e7lik kul\u00fcb\u00fcn\u00fcn faaliyet alanlar\u0131 \u00e7er\u00e7evesinde planlanan her t\u00fcrl\u00fc gen\u00e7lik \u00e7al\u0131\u015fmas\u0131n\u0131 y\u00fcr\u00fctmekle g\u00f6revli olup genel sekretere kar\u015f\u0131 sorumludur.<\/p>\n\n\n\n<p><strong>j)<\/strong>&nbsp;Gen\u00e7lik lideri ve e\u011fitmen; sorumlu oldu\u011fu gen\u00e7lik faaliyeti t\u00fcr\u00fcnde \u00e7al\u0131\u015fmalar\u0131n s\u00fcrd\u00fcr\u00fclmesine, kat\u0131l\u0131m ve niteli\u011fin art\u0131r\u0131lmas\u0131na y\u00f6nelik hizmetleri y\u00fcr\u00fctmekle g\u00f6revli olup, gen\u00e7lik koordinat\u00f6r\u00fcne kar\u015f\u0131 sorumludur.<\/p>\n\n\n\n<p>Kul\u00fcplerin gen\u00e7lik lideri, e\u011fitmen ve antren\u00f6r \u00e7al\u0131\u015ft\u0131rma zorunlulu\u011fu<\/p>\n\n\n\n<p><strong>Madde 20<\/strong>&nbsp;\u2014 Kul\u00fcpler; taahh\u00fct ettikleri gen\u00e7lik faaliyeti t\u00fcrlerinde ve spor dallar\u0131nda gen\u00e7lik lideri, e\u011fitmen ve antren\u00f6r \u00e7al\u0131\u015ft\u0131rmaya mecburdurlar.<\/p>\n\n\n\n<p>Federasyonlar ve il m\u00fcd\u00fcrl\u00fckleri, kul\u00fcplerin gen\u00e7lik lideri, e\u011fitmen, antren\u00f6r \u00e7al\u0131\u015ft\u0131rmalar\u0131yla ilgili gerekli \u00f6nlemleri al\u0131rlar.<\/p>\n\n\n\n<p>Gen\u00e7lik kul\u00fcplerinin taahh\u00fct ettikleri gen\u00e7lik faaliyeti t\u00fcrlerinde g\u00f6rev alacak gen\u00e7lik liderleri ve e\u011fitmenlerin, Genel M\u00fcd\u00fcrl\u00fck\u00e7e veya di\u011fer yetkili kurumlarca verilmi\u015f belgelerinin olmas\u0131 zorunludur.<\/p>\n\n\n\n<p>\u00dcst kurulu\u015f<\/p>\n\n\n\n<p><strong>Madde 21<\/strong>&nbsp;\u2014 Kul\u00fcpler; kaynak ve g\u00fc\u00e7lerini birle\u015ftirmek, yard\u0131mla\u015fmak, ortak kullanabilecekleri mekan, ara\u00e7 ve gere\u00e7lere sahip olmak, saha ve tesisler kurmak ve kullanmak, e\u011fitim olanaklar\u0131 sa\u011flamak amac\u0131yla federasyon, federasyonlar da konfederasyon kurabilirler.<\/p>\n\n\n\n<p>\u0130l s\u0131n\u0131rlar\u0131 i\u00e7inde spor alan\u0131nda onbe\u015f, gen\u00e7lik alan\u0131nda be\u015f kul\u00fcb\u00fcn bir araya gelmesiyle bir federasyon kurulabilir. Bir ilde federasyon kurulamamas\u0131 halinde farkl\u0131 illerden kul\u00fcpler bir araya gelerek federasyon kurabilir. Bir kul\u00fcp ayn\u0131 ama\u00e7la kurulmu\u015f birden fazla federasyona \u00fcye olamaz.<\/p>\n\n\n\n<p>Spor alan\u0131nda en az on, gen\u00e7lik alan\u0131nda \u00fc\u00e7 federasyonun bir araya gelmesiyle&nbsp; konfederasyon kurulabilir.<\/p>\n\n\n\n<p>Federasyon ve konfederasyonlar\u0131n \u00fcye say\u0131s\u0131n\u0131n bu Y\u00f6netmelikte belirtilen say\u0131n\u0131n alt\u0131na d\u00fc\u015fmesi ve bu durumun \u00fc\u00e7 ay i\u00e7inde giderilememesi halinde haklar\u0131nda kendili\u011finden sona erme h\u00fck\u00fcmleri uygulan\u0131r.<\/p>\n\n\n\n<p>Kul\u00fcpler ba\u011fl\u0131 olduklar\u0131 federasyonda en az \u00fc\u00e7 \u00fcye ile temsil olunurlar. \u00dcye say\u0131s\u0131 100\u2019e kadar olan kul\u00fcpler \u00fc\u00e7 \u00fcye ile, \u00fcye say\u0131s\u0131 100\u2019den fazla olan kul\u00fcpler ise daha sonraki her 100 \u00fcye i\u00e7in ilave bir&nbsp; temsilci ile temsil olunurlar. Ancak her kul\u00fcp i\u00e7in&nbsp; temsilci say\u0131s\u0131 yediden fazla olamaz. Federasyonlar da ba\u011fl\u0131 olduklar\u0131 konfederasyonun genel kurulunda en az \u00fc\u00e7er \u00fcye ile temsil olunurlar. Temsilci \u00fcyeler ilgili kul\u00fcplerin ve federasyonlar\u0131n genel kurullar\u0131nca se\u00e7ilirler.<\/p>\n\n\n\n<p>Federasyon ve konfederasyonlar; t\u00fcz\u00fcklerini, organlara se\u00e7ilenleri, ileti\u015fim bilgilerini ve di\u011fer de\u011fi\u015fiklikleri otuz g\u00fcn i\u00e7inde yerle\u015fim yerlerinin bulundu\u011fu m\u00fclki idare amirli\u011fine ve il m\u00fcd\u00fcrl\u00fckleri arac\u0131l\u0131\u011f\u0131 ile Genel M\u00fcd\u00fcrl\u00fc\u011fe bildirmek zorundad\u0131rlar.<\/p>\n\n\n\n<p><strong>Denetim<\/strong><\/p>\n\n\n\n<p><strong>Madde 22<\/strong>&nbsp;\u2014 Genel M\u00fcd\u00fcrl\u00fck veya m\u00fclki idare amirin onay\u0131 al\u0131nmak kayd\u0131yla il m\u00fcd\u00fcrl\u00fckleri; kul\u00fcpleri ve \u00fcst kurulu\u015flar\u0131 Dernekler Kanunu ve Dernekler Y\u00f6netmeli\u011fi h\u00fck\u00fcmleri sakl\u0131 kalmak kayd\u0131yla her y\u00f6nden denetler. Gerekirse hesap, defter ve i\u015flemlerine el koyar ve taahh\u00fctlerini yerine getirip getirmediklerini takip eder. Kul\u00fcplerin genel kurullar\u0131na gerekli hallerde il m\u00fcd\u00fcr\u00fc veya yetki verece\u011fi ki\u015fi g\u00f6zlemci olarak kat\u0131l\u0131r ve haz\u0131rlayaca\u011f\u0131 raporu ilgili birimlere havalesi yap\u0131lmak \u00fczere m\u00fclki idare amirli\u011fine sunar.<\/p>\n\n\n\n<p><strong>Yasak faaliyetler<\/strong><\/p>\n\n\n\n<p><strong>Madde 23<\/strong>&nbsp;\u2014 Kul\u00fcpler, toplant\u0131lar\u0131nda ve tesislerinde siyasi faaliyet g\u00f6steremezler. T\u00fcz\u00fcklerinde g\u00f6sterilen ama\u00e7 ve bu amac\u0131 ger\u00e7ekle\u015ftirmek \u00fczere s\u00fcrd\u00fcr\u00fclece\u011fi belirtilen \u00e7al\u0131\u015fma konular\u0131 d\u0131\u015f\u0131nda faaliyette bulunamazlar.<\/p>\n\n\n\n<p><strong>\u0130K\u0130NC\u0130 KISIM<\/strong><\/p>\n\n\n\n<p><strong>Kul\u00fcplerin Tescili<\/strong><\/p>\n\n\n\n<p><strong>Kul\u00fcplerin isimleri<\/strong><\/p>\n\n\n\n<p><strong>Madde 24&nbsp;<\/strong>\u2014 Dernekler, t\u00fcz\u00fcklerinde belirtilen ama\u00e7lar do\u011frultusunda gen\u00e7lik kul\u00fcb\u00fc, spor kul\u00fcb\u00fc, gen\u00e7lik ve spor kul\u00fcb\u00fc adlar\u0131ndan birini al\u0131rlar.<\/p>\n\n\n\n<p>Kul\u00fcpler a\u015fa\u011f\u0131da belirtilen esaslara g\u00f6re isim al\u0131rlar:<\/p>\n\n\n\n<p><strong>a)&nbsp;<\/strong>Kul\u00fcpler, Dernekler Kanunu \u00e7er\u00e7evesinde diledikleri isimleri alabilirler.<\/p>\n\n\n\n<p><strong>b)&nbsp;<\/strong>Ayn\u0131 isim il d\u00e2hilinde birden fazla kul\u00fcp taraf\u0131ndan kullan\u0131lamaz.<\/p>\n\n\n\n<p><strong>c)&nbsp;<\/strong>Mahkemece kapat\u0131lmas\u0131na karar verilen dernekler hari\u00e7, herhangi bir nedenle kapanan veya kapat\u0131lan ve tescili silinen kul\u00fcb\u00fcn ismi yeniden kullan\u0131labilir.<\/p>\n\n\n\n<p><strong>Gen\u00e7lik faaliyeti t\u00fcr\u00fc ve spor dal\u0131 se\u00e7imi<\/strong><\/p>\n\n\n\n<p><strong>Madde 25&nbsp;<\/strong>\u2014 Kul\u00fcpler diledikleri gen\u00e7lik faaliyeti t\u00fcr\u00fc veya spor dal\u0131nda faaliyet g\u00f6sterebilirler. Dernek ve kul\u00fcpler faaliyet g\u00f6sterecekleri gen\u00e7lik faaliyeti t\u00fcr\u00fcn\u00fc veya spor dal\u0131n\u0131 tescil esnas\u0131nda taahh\u00fct etmek zorundad\u0131rlar.<\/p>\n\n\n\n<p>Kul\u00fcpler, taahh\u00fct ettikleri her bir gen\u00e7lik faaliyeti t\u00fcr\u00fc veya spor dal\u0131 i\u00e7in gerekti\u011finde ayr\u0131 temsilcilikler olu\u015fturabilirler. Temsilciler, y\u00f6netim kurulundan alacaklar\u0131 yetki ile g\u00f6revlendirilirler ve kul\u00fcp ba\u015fkan\u0131na kar\u015f\u0131 sorumludurlar. Temsilcili\u011fin adresi, temsilciler taraf\u0131ndan o yerin m\u00fclki idare amirli\u011fine yaz\u0131l\u0131 olarak bildirilir.<\/p>\n\n\n\n<p>Kul\u00fcplerin renkleri ve ay\u0131r\u0131c\u0131 i\u015faretleri<\/p>\n\n\n\n<p><strong>Madde 26&nbsp;<\/strong>\u2014 Kul\u00fcpler a\u015fa\u011f\u0131da belirtilen esaslara uygun olarak istedikleri renkleri se\u00e7ebilirler:<\/p>\n\n\n\n<p><strong>a)<\/strong>&nbsp;Kul\u00fcpler, renklerini 3\/12\/1934 tarihli ve 2596 say\u0131l\u0131 Baz\u0131 Kisvelerin Giyilemeyece\u011fine Dair Kanun ve bu Kanuna dayal\u0131 olarak \u00e7\u0131kar\u0131lan 3\/2\/1935 tarihli ve 2\/1958 say\u0131l\u0131 Bakanlar Kurulu Karar\u0131yla y\u00fcr\u00fcrl\u00fc\u011fe konulan Baz\u0131 Kisvelerin Giyilemeyece\u011fine Dair Kanunun Tatbik Suretini G\u00f6sterir Nizamnameye uygun olarak se\u00e7mek ve uygun oldu\u011funa dair valilikten bir belge almak zorundad\u0131rlar.<\/p>\n\n\n\n<p><strong>b)<\/strong>&nbsp;Kul\u00fcpler il karma tak\u0131mlar\u0131n\u0131n ay\u0131r\u0131c\u0131 i\u015fareti olan armalar\u0131 ve milli tak\u0131mlar\u0131n ay\u0131r\u0131c\u0131 i\u015fareti olan ay-y\u0131ld\u0131z\u0131 kullanamazlar.<\/p>\n\n\n\n<p><strong>c)<\/strong>&nbsp;Spor kul\u00fcpleri resmi m\u00fcsabakalarda se\u00e7tikleri renklere uygun spor k\u0131yafeti kullanmak zorundad\u0131rlar.<\/p>\n\n\n\n<p>Uluslararas\u0131 spor kurulu\u015flar\u0131n\u0131n bu konuya ili\u015fkin kurallar\u0131 sakl\u0131d\u0131r.<\/p>\n\n\n\n<p>Tescil i\u015flemleri i\u00e7in kul\u00fcplerce haz\u0131rlanacak belgeler<\/p>\n\n\n\n<p><strong>Madde 27&nbsp;<\/strong>\u2014 Dernekler mevzuat\u0131na g\u00f6re gen\u00e7lik, spor, gen\u00e7lik ve spor faaliyetlerinde bulunmak amac\u0131yla kurulan derneklerin kul\u00fcp olarak tescil i\u015flemleri il m\u00fcd\u00fcrl\u00fc\u011f\u00fcnce yap\u0131l\u0131r. A\u015fa\u011f\u0131daki belgeler iki dosya halinde haz\u0131rlanarak il m\u00fcd\u00fcrl\u00fc\u011f\u00fcne verilir:<\/p>\n\n\n\n<p><strong>a)<\/strong>&nbsp;Derne\u011fin; gen\u00e7lik, spor veya gen\u00e7lik ve spor kul\u00fcb\u00fc olarak tescil edilmesi i\u00e7in t\u00fcz\u00fc\u011f\u00fcn tasdikli \u00f6rne\u011fi.<\/p>\n\n\n\n<p><strong>b)<\/strong>&nbsp;Se\u00e7ilen kul\u00fcp renkleri ve ay\u0131r\u0131c\u0131 i\u015fareti hakk\u0131nda valilikten al\u0131nan izin yaz\u0131s\u0131,<\/p>\n\n\n\n<p><strong>c)<\/strong>&nbsp;Tescil i\u015flemi at\u0131c\u0131l\u0131k, avc\u0131l\u0131k ve halk oyunlar\u0131 dallar\u0131nda yap\u0131l\u0131yor ise, bulundu\u011fu yerin emniyet m\u00fcd\u00fcrl\u00fc\u011f\u00fcnden kul\u00fcp merkezinde bulundurulmas\u0131na izin verilen silahlar\u0131n \u00f6zelliklerini ve miktarlar\u0131n\u0131 belirten izin yaz\u0131s\u0131.<\/p>\n\n\n\n<p><strong>d)&nbsp;<\/strong>Kul\u00fcp, kamu kurum ve kurulu\u015flar\u0131 veya e\u011fitim kurumlar\u0131 b\u00fcnyesinde kuruluyor ise, ilgili kurum veya kurulu\u015fun verece\u011fi izin yaz\u0131s\u0131.<\/p>\n\n\n\n<p><strong>e)<\/strong>&nbsp;Te\u015fkilat ile ilgili kanun, t\u00fcz\u00fck, y\u00f6netmelik, y\u00f6nerge, genelge, tebli\u011f ve emirlere uyulaca\u011f\u0131n\u0131,&nbsp; faaliyette bulunulan gen\u00e7lik faaliyeti t\u00fcrlerinde ve spor dallar\u0131nda binicilikte at d\u00e2hil olmak \u00fczere kul\u00fcbe ait malzemelerin, talep halinde, sigorta ettirilmesi ve kullan\u0131m s\u0131ras\u0131nda do\u011fabilecek zararlar\u0131n kar\u015f\u0131lanmas\u0131 \u015fart\u0131 ile Te\u015fkilat\u0131n emrine tahsis edilece\u011fini belirten taahh\u00fctname (sporla ilgili Spor Kul\u00fcpleri Tescil Taahh\u00fctnamesi Ek-1, gen\u00e7likle ilgili Gen\u00e7lik Kul\u00fcpleri Tescil Taahh\u00fctnamesi&nbsp; Ek- 2).<\/p>\n\n\n\n<p><strong>f)<\/strong>&nbsp;Sporla ilgili tescil i\u015flemlerinde taahh\u00fct edilen spor dallar\u0131nda g\u00f6revlendirilecek antren\u00f6rler i\u00e7in ikinci kademe, ihtisas kul\u00fcpleri i\u00e7in \u00fc\u00e7\u00fcnc\u00fc kademe antren\u00f6r belgesinin, gen\u00e7likle ilgili tescil i\u015flemlerinde ise taahh\u00fct edilen gen\u00e7lik faaliyeti t\u00fcrlerinde g\u00f6revlendirecek gen\u00e7lik liderleri ve e\u011fitmenler i\u00e7in Genel M\u00fcd\u00fcrl\u00fck\u00e7e veya di\u011fer yetkili kurumlarca verilmi\u015f belgelerin asl\u0131 veya noter tasdikli sureti.<\/p>\n\n\n\n<p><strong>g)<\/strong>&nbsp;Kul\u00fcb\u00fcn taahh\u00fct etti\u011fi gen\u00e7lik faaliyeti t\u00fcr\u00fc veya spor dal\u0131nda \u00e7al\u0131\u015fmalar\u0131n y\u00fcr\u00fct\u00fclece\u011fi tesis hakk\u0131nda bilgi.<\/p>\n\n\n\n<p><strong>h)<\/strong>&nbsp;Mevcut \u00fcye listesi.<\/p>\n\n\n\n<p><strong>Tescil i\u015flemleri<\/strong><\/p>\n\n\n\n<p><strong>Madde 28&nbsp;<\/strong>\u2014 Kul\u00fcpler, gen\u00e7lik faaliyetleri ve spor faaliyetleri i\u00e7in ayr\u0131 ayr\u0131 tescil edilir. Sporla ilgili tescil i\u00e7in il m\u00fcd\u00fcrl\u00fcklerine ba\u015fvuran kul\u00fcplerin dosyalar\u0131n\u0131 incelemek \u00fczere spor \u015fube m\u00fcd\u00fcr\u00fc, sicil lisans \u015fefi, ilgili spor dal\u0131 temsilcisi ve Amat\u00f6r Spor Kul\u00fcpleri Federasyonundan istenecek bir yetkilinin, gen\u00e7likle ilgili tescil i\u00e7in ba\u015fvuran kul\u00fcplerin dosyalar\u0131n\u0131 incelemek \u00fczere ise gen\u00e7lik merkezi m\u00fcd\u00fcr\u00fc, sicil lisans \u015fefi ve bir gen\u00e7lik merkezi dan\u0131\u015fma kurulu \u00fcyesinin bulundu\u011fu komisyon olu\u015fturulur.<\/p>\n\n\n\n<p><strong>a)&nbsp;<\/strong>Komisyon dosyalar\u0131 \u00fc\u00e7 g\u00fcn i\u00e7inde inceler ve eksik belgeleri tamamlat\u0131r. Kul\u00fcb\u00fcn tescil edilmesi do\u011frultusunda haz\u0131rlanacak tutanak il m\u00fcd\u00fcrl\u00fc\u011f\u00fcne sunulur.<\/p>\n\n\n\n<p><strong>b)<\/strong>&nbsp;\u0130l m\u00fcd\u00fcrl\u00fc\u011f\u00fc, komisyondan gelen dosyalar\u0131 tescil i\u00e7in il ba\u015fkan\u0131n\u0131n onay\u0131na sunar. \u0130l ba\u015fkanl\u0131\u011f\u0131nca be\u015f i\u015fg\u00fcn\u00fc i\u00e7ersisinde tescil onaylan\u0131r.<\/p>\n\n\n\n<p><strong>c)&nbsp;<\/strong>\u0130l ba\u015fkan\u0131n\u0131n onay\u0131ndan sonra tescil numaras\u0131 verilerek tescil i\u015flemi tamamlan\u0131r. Spor kul\u00fcpleri i\u00e7in tescil numaras\u0131 &#8220;il kodu \u2013 01&#8243;den ba\u015flayarak takip eden numaralar\u0131n yaz\u0131lmas\u0131 \u015feklinde verilir. Gen\u00e7lik ile ilgili tescil i\u015fleminde, gen\u00e7lik kul\u00fcb\u00fc i\u00e7in &#8220;il kodu \u2013 G \u2013 \u2026.&#8221;, gen\u00e7lik ve spor kul\u00fcb\u00fc i\u00e7in ise &#8220;il kodu \u2013 GS \u2013 &#8230;.&#8221; olmak \u00fczere 01\u2019den ba\u015flayarak takip eden numaralar\u0131n yaz\u0131lmas\u0131 \u015feklinde tescil numaras\u0131 verilir.<\/p>\n\n\n\n<p><strong>d)<\/strong>&nbsp;Tescil i\u015flemi tamamland\u0131ktan sonra, il m\u00fcd\u00fcrl\u00fc\u011f\u00fc dosyalardaki belgeleri tasdik ederek birini kul\u00fcbe verir ve di\u011ferini ilde saklar.<\/p>\n\n\n\n<p><strong>e)<\/strong>&nbsp;\u0130l m\u00fcd\u00fcrl\u00fc\u011f\u00fc tescil edilen kul\u00fcple ilgili olarak \u00fc\u00e7 adet bilgi formu d\u00fczenleyerek birini ilde saklar, birini kul\u00fcbe, di\u011ferini ise Genel M\u00fcd\u00fcrl\u00fc\u011f\u00fcn ilgili birimine g\u00f6nderir (sporla ilgili Spor Kul\u00fcpleri Bilgi Formu Ek-3, gen\u00e7likle ilgili Gen\u00e7lik Kul\u00fcpleri Bilgi Formu Ek- 4).<\/p>\n\n\n\n<p><strong>f)&nbsp;<\/strong>Tescil i\u015flemi yap\u0131lan kul\u00fcple ilgili bilgiler m\u00fclki idare amirli\u011fine bildirilir.<\/p>\n\n\n\n<p>Gen\u00e7lik faaliyeti t\u00fcr\u00fc, spor dal\u0131, isim, renk, ay\u0131r\u0131c\u0131 i\u015faret ve t\u00fcz\u00fck de\u011fi\u015fikli\u011finde yap\u0131lacak i\u015flemler<\/p>\n\n\n\n<p><strong>Madde 29<\/strong>&nbsp;\u2014 Tescil edildikten sonra gen\u00e7lik faaliyeti t\u00fcr\u00fc, spor dal\u0131, isim, renk veya t\u00fcz\u00fck de\u011fi\u015fikli\u011fi yapan kul\u00fcpler, a\u015fa\u011f\u0131da belirtilen belgeleri iki dosya halinde haz\u0131rlayarak ba\u011fl\u0131 bulunduklar\u0131 il m\u00fcd\u00fcrl\u00fcklerine m\u00fcracaat ederler.<\/p>\n\n\n\n<p><strong>a)<\/strong>&nbsp;Gen\u00e7lik faaliyeti t\u00fcr\u00fc, spor dal\u0131 iptali veya ilavesi i\u00e7in gerekli belgeler:<\/p>\n\n\n\n<p><strong>1)<\/strong>&nbsp;\u0130ptal veya ilaveye ili\u015fkin kul\u00fcp y\u00f6netim kurulu karar\u0131.<\/p>\n\n\n\n<p><strong>2)&nbsp;<\/strong>Gen\u00e7lik faaliyeti t\u00fcr\u00fc veya spor dal\u0131nda \u00e7al\u0131\u015fmalar\u0131n y\u00fcr\u00fct\u00fclece\u011fi tesise ili\u015fkin bilgi.<\/p>\n\n\n\n<p><strong>3)&nbsp;<\/strong>At\u0131c\u0131l\u0131k, avc\u0131l\u0131k ve halk oyunlar\u0131 dallar\u0131n\u0131n tescilinde, kul\u00fcp merkezinde bulundurulacak silahlar\u0131n \u00f6zelliklerini ve miktarlar\u0131n\u0131 belirten emniyet m\u00fcd\u00fcrl\u00fc\u011f\u00fcnden al\u0131nacak izin yaz\u0131s\u0131.<\/p>\n\n\n\n<p><strong>b)<\/strong>&nbsp;\u0130sim de\u011fi\u015fikli\u011fi i\u00e7in gerekli belgeler:<\/p>\n\n\n\n<p><strong>1)&nbsp;<\/strong>De\u011fi\u015fikli\u011fe ili\u015fkin kul\u00fcp genel kurul karar\u0131.<\/p>\n\n\n\n<p><strong>2)&nbsp;<\/strong>Kul\u00fcp t\u00fcz\u00fc\u011f\u00fcndeki de\u011fi\u015fikli\u011fin mevzuata uygun oldu\u011funa ili\u015fkin valilik yaz\u0131s\u0131.<\/p>\n\n\n\n<p>Kul\u00fcpler tescil edildikleri veya isim de\u011fi\u015fikli\u011fi yapt\u0131rd\u0131klar\u0131 tarihten itibaren bir y\u0131ll\u0131k s\u00fcre ge\u00e7meden yeniden isim de\u011fi\u015fikli\u011fi yapamazlar.<\/p>\n\n\n\n<p><strong>c)<\/strong>&nbsp;Renk ve ay\u0131r\u0131c\u0131 i\u015faret de\u011fi\u015fikli\u011fi i\u00e7in gerekli belgeler:<\/p>\n\n\n\n<p><strong>1)<\/strong>&nbsp;De\u011fi\u015fikli\u011fe ili\u015fkin kul\u00fcp genel kurul karar\u0131.<\/p>\n\n\n\n<p><strong>2)&nbsp;<\/strong>\u0130l ba\u015fkanl\u0131\u011f\u0131n\u0131n renk veya ay\u0131r\u0131c\u0131 i\u015faret m\u00fcsaadesine ili\u015fkin yaz\u0131s\u0131.<\/p>\n\n\n\n<p><strong>3)<\/strong>&nbsp;Kul\u00fcp t\u00fcz\u00fc\u011f\u00fcndeki de\u011fi\u015fikli\u011fin mevzuata uygun oldu\u011funa ili\u015fkin valilik yaz\u0131s\u0131.<\/p>\n\n\n\n<p><strong>d)&nbsp;<\/strong>T\u00fcz\u00fck de\u011fi\u015fikli\u011fi i\u00e7in gerekli belgeler:<\/p>\n\n\n\n<p><strong>1)<\/strong>&nbsp;De\u011fi\u015fikli\u011fe ili\u015fkin kul\u00fcp genel kurulu karar\u0131.<\/p>\n\n\n\n<p><strong>2)&nbsp;<\/strong>Kul\u00fcp t\u00fcz\u00fc\u011f\u00fcn\u00fcn de\u011fi\u015ftirilmi\u015f \u015fekli.<\/p>\n\n\n\n<p><strong>3)&nbsp;<\/strong>Kul\u00fcp t\u00fcz\u00fc\u011f\u00fcndeki de\u011fi\u015fikli\u011fin mevzuata uygun oldu\u011funa ili\u015fkin valilik yaz\u0131s\u0131.<\/p>\n\n\n\n<p>Ba\u015fvurular il m\u00fcd\u00fcrl\u00fcklerince olu\u015fturulan komisyon taraf\u0131ndan incelenir ve tescil i\u015flemi s\u0131ras\u0131nda yap\u0131lan i\u015flemler burada da uygulan\u0131r. Gerekli i\u015flemler yap\u0131ld\u0131ktan sonra de\u011fi\u015fiklikler belirtilerek d\u00fczenlenen bilgi formlar\u0131, yap\u0131lan i\u015flemi a\u00e7\u0131klayan bir \u00fcst yaz\u0131yla Genel M\u00fcd\u00fcrl\u00fc\u011f\u00fcn ilgili birimine g\u00f6nderilir (sporla ilgili Spor Kul\u00fcpleri Bilgi Formu Ek-3, gen\u00e7likle ilgili Gen\u00e7lik Kul\u00fcpleri Bilgi Formu Ek-4).<\/p>\n\n\n\n<p><strong>\u0130li de\u011fi\u015fen kul\u00fcpler<\/strong><\/p>\n\n\n\n<p><strong>Madde 30&nbsp;<\/strong>\u2014 Kul\u00fcplerin bulundu\u011fu il\u00e7e, kasaba ve k\u00f6y\u00fcn ba\u015fka bir il\u2019e ba\u011flanmas\u0131 veya il\u00e7enin il olmas\u0131 halinde, kul\u00fcplerin eski ildeki spor faaliyetleri ile ilgileri spor sezonunun bitimine kadar devam eder.<\/p>\n\n\n\n<p>Kurum, kurulu\u015f ve \u00f6zel \u015firketlerin b\u00fcnyesinde kurularak Te\u015fkilat\u00e7a tescil edilen kul\u00fcplerin, ba\u011fl\u0131 olduklar\u0131 kurum veya kurulu\u015fun merkezlerinin ba\u015fka bir ile nakledilmesi halinde, t\u00fcz\u00fcklerinde gerekli de\u011fi\u015fiklikler yap\u0131lmak suretiyle kul\u00fcp merkezleri de yeni il\u2019e nakledilebilir.<\/p>\n\n\n\n<p>Yukar\u0131da say\u0131lan haller d\u0131\u015f\u0131nda kul\u00fcplerin hi\u00e7bir surette nakilleri yap\u0131lamaz.<\/p>\n\n\n\n<p>\u0130htisas spor kul\u00fcb\u00fc stat\u00fcs\u00fc kazanma<\/p>\n\n\n\n<p><strong>Madde 31<\/strong>&nbsp;\u2014 4\/11\/2004 tarihli ve 5253 say\u0131l\u0131 Dernekler Kanununa g\u00f6re kurulan ve en fazla iki spor dal\u0131nda faaliyet g\u00f6stermek \u00fczere bu Y\u00f6netmelik uyar\u0131nca kay\u0131t ve tescilleri uygun g\u00f6r\u00fclen kul\u00fcpler, \u201c\u0130htisas Spor Kul\u00fcb\u00fc\u2019\u2019 ad\u0131n\u0131 al\u0131rlar. \u0130htisas spor kul\u00fcb\u00fcn\u00fcn tescili ile ilgili i\u015flemler 28 inci maddede belirtilen tescil i\u015flemleri h\u00fck\u00fcmlerine tabidir.<\/p>\n\n\n\n<p>Bu kul\u00fcplerin;<\/p>\n\n\n\n<p><strong>a)&nbsp;<\/strong>Se\u00e7tikleri spor dal\u0131n\u0131n b\u00fct\u00fcn kategorilerinde faaliyet g\u00f6stermeleri,<\/p>\n\n\n\n<p><strong>b)<\/strong>&nbsp;Faaliyet g\u00f6sterecekleri spor dal\u0131nda, en az \u00fc\u00e7\u00fcnc\u00fc kademe antren\u00f6r belgesine sahip s\u00f6zle\u015fmeli antren\u00f6r \u00e7al\u0131\u015ft\u0131rmalar\u0131,<\/p>\n\n\n\n<p><strong>c)<\/strong>&nbsp;Faaliyet g\u00f6sterecekleri spor dal\u0131n\u0131n faaliyet giderlerini kar\u015f\u0131layacak gelire sahip olmalar\u0131,<\/p>\n\n\n\n<p><strong>d)<\/strong>&nbsp;Faaliyet g\u00f6sterecekleri spor dal\u0131 ile ilgili tapulu veya kiralanm\u0131\u015f tesislerinin bulunmas\u0131,<\/p>\n\n\n\n<p>Zorunludur.<\/p>\n\n\n\n<p>Faaliyet g\u00f6sterecekleri spor dallar\u0131na ili\u015fkin \u015fartlar uygunsa, spor kul\u00fcplerinin tescilleri ihtisas spor kul\u00fcb\u00fcne, ihtisas spor kul\u00fcplerinin tescilleri ise spor kul\u00fcb\u00fcne d\u00f6n\u00fc\u015ft\u00fcr\u00fclebilir.<\/p>\n\n\n\n<p><strong>Kul\u00fcplerin protokoldeki yerleri<\/strong><\/p>\n\n\n\n<p><strong>Madde 32&nbsp;<\/strong>\u2014 Kul\u00fcplerin k\u0131demleri ve protokoldeki yerleri s\u0131ras\u0131yla, spor kul\u00fcplerinde; tescil edildikleri tarih, faaliyet g\u00f6sterilen spor dal\u0131n\u0131n olimpik olup olmad\u0131\u011f\u0131 ve sporcu say\u0131s\u0131n\u0131n \u00e7oklu\u011fu, gen\u00e7lik kul\u00fcplerin de ise tescil edildikleri tarih ve tescil s\u0131ras\u0131 g\u00f6z \u00f6n\u00fcnde bulundurulmak suretiyle belirlenir.<\/p>\n\n\n\n<p>Kul\u00fcplerin tescillerinin iptali<\/p>\n\n\n\n<p><strong>Madde 33&nbsp;<\/strong>\u2014 Tescil i\u015flemi s\u0131ras\u0131nda taahh\u00fct ettikleri gen\u00e7lik faaliyeti t\u00fcrlerinde veya spor dallar\u0131nda faaliyet g\u00f6stermeyen, taahh\u00fctname ve t\u00fcz\u00fcklerindeki h\u00fck\u00fcmlere uymayan, faaliyetlerini bilgi formunda g\u00f6sterdikleri yer d\u0131\u015f\u0131na aktaran veya tescillerinin iptalini gerektiren durumlar\u0131 tespit edilen kul\u00fcpler, il m\u00fcd\u00fcrl\u00fc\u011f\u00fcnce yaz\u0131l\u0131 olarak uyar\u0131l\u0131r.<\/p>\n\n\n\n<p>Uyar\u0131ya ra\u011fmen s\u00f6z konusu eksikliklerin giderilmemesi halinde, kul\u00fcplerle ilgili komisyon;<\/p>\n\n\n\n<p><strong>a)<\/strong>&nbsp;Taahh\u00fct ettikleri spor dallar\u0131n\u0131n herhangi birinde arka arkaya iki sezon ge\u00e7erli mazeret olmaks\u0131z\u0131n faaliyette bulunmayan spor kul\u00fcplerinin faaliyet g\u00f6stermedikleri spor dal\u0131 tescillerinin,<\/p>\n\n\n\n<p><strong>b)&nbsp;<\/strong>Taahh\u00fct ettikleri spor dallar\u0131n\u0131n hi\u00e7birinde arka arkaya iki sezon ge\u00e7erli mazeret olmaks\u0131z\u0131n faaliyet g\u00f6stermeyen kul\u00fcplerin, spor kul\u00fcb\u00fc tescillerinin,<\/p>\n\n\n\n<p><strong>c)<\/strong>&nbsp;Taahh\u00fct ettikleri gen\u00e7lik faaliyeti t\u00fcrlerinin hi\u00e7birinde iki y\u0131l s\u00fcreyle ge\u00e7erli mazeret olmaks\u0131z\u0131n faaliyet g\u00f6stermeyen kul\u00fcplerin, gen\u00e7lik kul\u00fcb\u00fc tescillerinin,<\/p>\n\n\n\n<p><strong>d)<\/strong>&nbsp;Tescil i\u015flemi s\u0131ras\u0131nda verdikleri taahh\u00fctname ve t\u00fcz\u00fcklerindeki h\u00fck\u00fcmlere uymayan, faaliyetlerini bilgi formunda g\u00f6sterdikleri yer d\u0131\u015f\u0131na aktaran, tescillerinin iptalini gerektiren durumlar\u0131 tespit edilen kul\u00fcplerin, kul\u00fcp tescillerinin,<\/p>\n\n\n\n<p>\u0130ptali konusunda karar al\u0131r ve bu karar\u0131 il m\u00fcd\u00fcrl\u00fc\u011f\u00fcne bildirir. Karar il m\u00fcd\u00fcrl\u00fc\u011f\u00fcnce il ba\u015fkanl\u0131\u011f\u0131na sunulur. \u0130l ba\u015fkan\u0131n\u0131n onay\u0131 ile tescil iptal edilir.<\/p>\n\n\n\n<p>Genel kurul karar\u0131 ile feshedilen, kendili\u011finden da\u011f\u0131lm\u0131\u015f say\u0131lan veya mahkeme karar\u0131 ile feshedilen kul\u00fcplerin tescilleri iptal edilir.<\/p>\n\n\n\n<p>Tescilleri iptal edilen kul\u00fcplerle ilgili olarak dernekler birimine ve Genel M\u00fcd\u00fcrl\u00fc\u011f\u00fcn ilgili birimlerine bilgi verilir.<\/p>\n\n\n\n<p>Spor dal\u0131 tescilleri iptal edilen kul\u00fcpler bir sezon ge\u00e7meden o spor dal\u0131nda yeni tescil yapt\u0131ramazlar.<\/p>\n\n\n\n<p><strong>\u00dc\u00c7\u00dcNC\u00dc KISIM<\/strong><\/p>\n\n\n\n<p><strong>Kul\u00fcplere Yard\u0131m<\/strong><\/p>\n\n\n\n<p><strong>Yard\u0131m \u015fekilleri<\/strong><\/p>\n\n\n\n<p><strong>Madde 34<\/strong>&nbsp;\u2014 Kul\u00fcplerin faaliyetlerini daha iyi bir \u015fekilde y\u00fcr\u00fctebilmelerini sa\u011flamak amac\u0131yla Genel M\u00fcd\u00fcrl\u00fck b\u00fct\u00e7esinde yer alan yard\u0131m \u00f6dene\u011fi;<\/p>\n\n\n\n<p><strong>a)<\/strong>&nbsp;Spor malzemesi, ara\u00e7 ve gere\u00e7,<\/p>\n\n\n\n<p><strong>b)<\/strong>&nbsp;Tesis yap\u0131m\u0131, bak\u0131m\u0131 ve onar\u0131m\u0131,<\/p>\n\n\n\n<p><strong>c)<\/strong>&nbsp;T\u00fcz\u00fcklerindeki ama\u00e7 do\u011frultusunda e\u011fitim, bilim, k\u00fclt\u00fcr ve sanat faaliyetleri,<\/p>\n\n\n\n<p><strong>d)&nbsp;<\/strong>Sa\u011fl\u0131k hizmetleri,<\/p>\n\n\n\n<p><strong>e)<\/strong>&nbsp;Sigortalama ve sosyal g\u00fcvenlik hizmetleri,<\/p>\n\n\n\n<p><strong>f)<\/strong>&nbsp;Kira ve benzeri zorunlu giderler,<\/p>\n\n\n\n<p>i\u00e7in kullan\u0131lmak \u00fczere il m\u00fcd\u00fcrl\u00fckleri arac\u0131l\u0131\u011f\u0131yla kul\u00fcplere ayni ve nakdi olarak aktar\u0131labilir.<\/p>\n\n\n\n<p><strong>Yard\u0131mlardan yararlanamayacak olan kul\u00fcpler<\/strong><\/p>\n\n\n\n<p><strong>Madde 35<\/strong>&nbsp;\u2014 Kul\u00fcplerden;<\/p>\n\n\n\n<p><strong>a)<\/strong>&nbsp;Genel M\u00fcd\u00fcrl\u00fck\u00e7e tescili yap\u0131lmayanlar,<\/p>\n\n\n\n<p><strong>b)<\/strong>&nbsp;Kay\u0131t ve tescili silinenler,<\/p>\n\n\n\n<p><strong>c)<\/strong>&nbsp;Kurulu\u015f ama\u00e7lar\u0131 do\u011frultusunda faaliyet g\u00f6stermeyenler,<\/p>\n\n\n\n<p><strong>d)&nbsp;<\/strong>Mahalli veya deplasmanl\u0131 liglere kat\u0131lmayanlar,<\/p>\n\n\n\n<p><strong>e)<\/strong>&nbsp;Spor faaliyetleri i\u00e7in antren\u00f6r\u00fc, gen\u00e7lik faaliyetleri i\u00e7in gen\u00e7lik lideri ve e\u011fitmeni olmayanlar antren\u00f6r, gen\u00e7lik lideri, e\u011fitmen bulunmad\u0131\u011f\u0131 s\u00fcrece,<\/p>\n\n\n\n<p><strong>f)<\/strong>&nbsp;Saha kapatma cezas\u0131 olanlar bir y\u0131l s\u00fcreyle,<\/p>\n\n\n\n<p><strong>g)<\/strong>&nbsp;Mahalli ve deplasmanl\u0131 liglere kat\u0131lma ba\u015fvurusunda bulunup sonradan \u00e7ekilenler iki y\u0131l s\u00fcreyle,<\/p>\n\n\n\n<p><strong>h)<\/strong>&nbsp;\u015eike yapt\u0131klar\u0131 mahkeme karar\u0131 ile tespit edilenler be\u015f y\u0131l s\u00fcreyle,<\/p>\n\n\n\n<p>ayni ve nakdi yard\u0131mlardan yararlanamazlar. (a), (b), (c) ve (d) bentlerinde belirtilen durumlarda ise kul\u00fcplerin bu durumlar\u0131 devam etti\u011fi s\u00fcrece ayni ve nakdi yard\u0131mdan yararlanamazlar.<\/p>\n\n\n\n<p><strong>Yard\u0131m\u0131n yap\u0131lmas\u0131 ile ilgili esaslar<\/strong><\/p>\n\n\n\n<p><strong>Madde 36<\/strong>&nbsp;\u2014 Gen\u00e7lik kul\u00fcpleri; yard\u0131m talebi gerek\u00e7esini belirterek, i\u00e7inde bulunulan y\u0131l\u0131n Nisan ay\u0131 sonuna kadar bulunduklar\u0131 yerin il m\u00fcd\u00fcrl\u00fc\u011f\u00fcne veya Genel M\u00fcd\u00fcrl\u00fc\u011fe ba\u015fvuruda bulunurlar. Ba\u015fvurular il m\u00fcd\u00fcrl\u00fcklerince 1 Hazirana kadar Genel M\u00fcd\u00fcrl\u00fc\u011f\u00fcn ilgili birimine g\u00f6nderilir.<\/p>\n\n\n\n<p>Spor kul\u00fcpleri; yard\u0131m talebi gerek\u00e7esini belirterek i\u00e7inde bulunulan y\u0131l\u0131n Ekim ay\u0131 sonuna kadar bulunduklar\u0131 yerin il m\u00fcd\u00fcrl\u00fc\u011f\u00fcne veya Genel M\u00fcd\u00fcrl\u00fc\u011fe ba\u015fvuruda bulunurlar. Ba\u015fvurular il m\u00fcd\u00fcrl\u00fcklerince 15 Kas\u0131m\u2019a kadar Genel M\u00fcd\u00fcrl\u00fc\u011f\u00fcn ilgili birimlerine g\u00f6nderilir.<\/p>\n\n\n\n<p>Spor ve gen\u00e7lik faaliyetleri i\u00e7in yard\u0131mlarda e\u015fitlik ilkesi esast\u0131r. Yard\u0131mlar; her y\u0131l faaliyet t\u00fcr\u00fcne g\u00f6re Genel M\u00fcd\u00fcr onay\u0131yla verilir. Yard\u0131m\u0131n amac\u0131 d\u0131\u015f\u0131nda kullan\u0131m\u0131n\u0131n tespiti durumunda, yard\u0131m kesilerek iki y\u0131l yard\u0131m yap\u0131lmaz. Yap\u0131lan yard\u0131mlar geri al\u0131n\u0131r.<\/p>\n\n\n\n<p><strong>Yard\u0131mla ilgili belgeler<\/strong><\/p>\n\n\n\n<p><strong>Madde 37<\/strong>&nbsp;\u2014 Yard\u0131m\u0131n ilgili kul\u00fcbe aktar\u0131labilmesi i\u00e7in a\u015fa\u011f\u0131daki belgelerin il m\u00fcd\u00fcrl\u00fcklerine verilmesi zorunludur:<\/p>\n\n\n\n<p><strong>a)<\/strong>&nbsp;Nakdi yard\u0131mlarda, kul\u00fcp al\u0131nd\u0131 belgesi.<\/p>\n\n\n\n<p><strong>b)&nbsp;<\/strong>Dernekler Y\u00f6netmeli\u011finin (Ek-15)\u2019ine g\u00f6re bast\u0131r\u0131lan Ayni Ba\u011f\u0131\u015f Al\u0131nd\u0131 Belgesi.<\/p>\n\n\n\n<p><strong>c)<\/strong>&nbsp;Yetki belgesi.<\/p>\n\n\n\n<p>Yard\u0131mla ilgili harcama belgeleri, harcaman\u0131n yap\u0131lmas\u0131n\u0131 takip eden on be\u015f g\u00fcn i\u00e7inde kul\u00fcb\u00fcn ba\u011fl\u0131 bulundu\u011fu il m\u00fcd\u00fcrl\u00fc\u011f\u00fcne verilir. Harcama belgeleri genel denetim i\u00e7in saklan\u0131r.<\/p>\n\n\n\n<p><strong>D\u00d6RD\u00dcNC\u00dc KISIM<\/strong><\/p>\n\n\n\n<p><strong>\u00c7e\u015fitli ve Son H\u00fck\u00fcmler<\/strong><\/p>\n\n\n\n<p><strong>Y\u00fcr\u00fcrl\u00fckten kald\u0131r\u0131lan y\u00f6netmelik<\/strong><\/p>\n\n\n\n<p><strong>Madde 38&nbsp;<\/strong>\u2014 1\/7\/1999 tarihli ve 23742 say\u0131l\u0131 Resm\u00ee Gazete\u2019de yay\u0131mlanan Spor Kul\u00fcpleri Tescil Y\u00f6netmeli\u011fi ile 20\/4\/1999 tarihli, 23672 say\u0131l\u0131 Resm\u00ee Gazete\u2019de yay\u0131mlanan Gen\u00e7lik Kul\u00fcpleri Tescil Y\u00f6netmeli\u011fi ve 8\/12\/1987 tarihli ve 19658 say\u0131l\u0131 Resm\u00ee Gazete\u2019de yay\u0131mlanan Spor Kul\u00fcpleri Yard\u0131m Y\u00f6netmeli\u011fi y\u00fcr\u00fcrl\u00fckten kald\u0131r\u0131lm\u0131\u015ft\u0131r.<\/p>\n\n\n\n<p>Y\u00f6netmelikte h\u00fck\u00fcm bulunmayan haller<\/p>\n\n\n\n<p><strong>Madde 39&nbsp;<\/strong>\u2014 Bu Y\u00f6netmelikte h\u00fck\u00fcm bulunmayan hallerde 22\/11\/2001 tarihli ve 4721 say\u0131l\u0131 T\u00fcrk Medeni Kanunu, 4\/11\/2004 tarihli ve 5253 say\u0131l\u0131 Dernekler Kanunu ile 31\/3\/2005 tarihli ve 25772 say\u0131l\u0131 Resm\u00ee Gazete\u2019de yay\u0131mlanan Dernekler Y\u00f6netmeli\u011fi h\u00fck\u00fcmleri uygulan\u0131r.<\/p>\n\n\n\n<p><strong>Ge\u00e7ici Madde 1<\/strong>&nbsp;\u2014 Bu Y\u00f6netmeli\u011fin y\u00fcr\u00fcrl\u00fc\u011fe girdi\u011fi tarihten \u00f6nce tescil i\u015flemleri yap\u0131lm\u0131\u015f kul\u00fcpler ayn\u0131 stat\u00fclerinde faaliyetlerine devam ederler. Stat\u00fclerinde herhangi bir de\u011fi\u015fiklik olmas\u0131 halinde bu Y\u00f6netmelik h\u00fck\u00fcmleri uygulan\u0131r.<\/p>\n\n\n\n<p><strong>Ge\u00e7ici Madde 2&nbsp;<\/strong>\u2014 Bu Y\u00f6netmeli\u011fin y\u00fcr\u00fcrl\u00fc\u011fe girdi\u011fi tarihten \u00f6nce tescil edilmi\u015f olan gen\u00e7lik kul\u00fcplerinden bu Y\u00f6netmeli\u011fin 27 nci maddesi (e) bendi gere\u011fince \u00fc\u00e7 ay i\u00e7erisinde yeni taahh\u00fctname al\u0131n\u0131r.<\/p>\n\n\n\n<p><strong>Ge\u00e7ici Madde 3&nbsp;<\/strong>\u2014 Bu Y\u00f6netmeli\u011fin y\u00fcr\u00fcrl\u00fc\u011fe girdi\u011fi tarihten \u00f6nce Genel M\u00fcd\u00fcrl\u00fck\u00e7e tescil edilen gen\u00e7lik kul\u00fcplerinin tescil numaralar\u0131, tescil tarihleri dikkate al\u0131narak bu Y\u00f6netmeli\u011fin 28 inci maddesi (c) bendinin son c\u00fcmlesinde belirtildi\u011fi \u015fekilde il m\u00fcd\u00fcrl\u00fcklerince yeniden d\u00fczenlenir ve \u00fc\u00e7 ay i\u00e7erisinde tamamlanarak listeler halinde Genel M\u00fcd\u00fcrl\u00fc\u011f\u00fcn ilgili birimine g\u00f6nderilir.<\/p>\n\n\n\n<p><strong>Ge\u00e7ici Madde 4&nbsp;<\/strong>\u2014 Bu Y\u00f6netmeli\u011fin y\u00fcr\u00fcrl\u00fc\u011fe girdi\u011fi tarihten \u00f6nce tescil edilmi\u015f olan kul\u00fcplerden; lider, e\u011fitmen ve antren\u00f6r eksikli\u011fi olanlar \u00fc\u00e7 ay i\u00e7erisinde bu eksikliklerini gidermek zorundad\u0131rlar.<\/p>\n\n\n\n<p><strong>Y\u00fcr\u00fcrl\u00fck<\/strong><\/p>\n\n\n\n<p><strong>Madde 40&nbsp;<\/strong>\u2014 Bu Y\u00f6netmelik yay\u0131m\u0131 tarihinde y\u00fcr\u00fcrl\u00fc\u011fe girer.<\/p>\n\n\n\n<p><strong>Y\u00fcr\u00fctme<\/strong><\/p>\n\n\n\n<p><strong>Madde 41&nbsp;<\/strong>\u2014 Bu Y\u00f6netmelik h\u00fck\u00fcmlerini Gen\u00e7lik ve Spor Genel M\u00fcd\u00fcrl\u00fc\u011f\u00fcn\u00fcn ba\u011fl\u0131 bulundu\u011fu Bakan&nbsp; y\u00fcr\u00fct\u00fcr.<\/p>\n\n\n\n<p>&nbsp;&nbsp;&nbsp;&nbsp;&nbsp;EK &#8211; 1&nbsp;&nbsp;SPOR KUL\u00dcPLER\u0130 TESC\u0130L TAAHH\u00dcTNAMES\u0130&nbsp;&nbsp;Kul\u00fcb\u00fcm\u00fcz\u00fcn tescil edilmesi halinde, Te\u015fkilat\u0131n kanun, t\u00fcz\u00fck, y\u00f6netmelik, y\u00f6nerge, genelge, tebli\u011f ve emirlerine tamamen uyaca\u011f\u0131m\u0131z\u0131, talep edildi\u011finde kullan\u0131m s\u0131ras\u0131nda do\u011fabilecek zarar\u0131n kar\u015f\u0131lanmas\u0131 ve sigorta ettirilmesi \u015fart\u0131 ile (binicilikte at dahil) kul\u00fcbe ait malzemeleri Te\u015fkilat emrine tahsis edece\u011fimizi, a\u015fa\u011f\u0131da bulunan spor dal\u0131nda\/dallar\u0131nda faaliyette bulunaca\u011f\u0131m\u0131z\u0131, her spor dal\u0131 i\u00e7in antren\u00f6r (\u00e7al\u0131\u015ft\u0131r\u0131c\u0131) bulunduraca\u011f\u0131m\u0131z\u0131 taahh\u00fct eder, kul\u00fcp t\u00fcz\u00fc\u011f\u00fcne ve Gen\u00e7lik ve Spor Genel M\u00fcd\u00fcrl\u00fc\u011f\u00fc Gen\u00e7lik ve Spor Kul\u00fcpleri Y\u00f6netmeli\u011fi h\u00fck\u00fcmlerine ayk\u0131r\u0131 hareket etti\u011fimiz taktirde, kul\u00fcb\u00fcm\u00fcz\u00fcn Te\u015fkilattaki tescilinin iptal olunmas\u0131n\u0131 kabul ederiz.&nbsp;Taahh\u00fct edilen spor dallar\u0131:&nbsp;&nbsp;&nbsp;&nbsp;&nbsp;&nbsp;<\/p>\n\n\n\n<p><strong>1)&nbsp;<\/strong>&nbsp;&#8230;&#8230;&#8230;&#8230;&#8230;&#8230;&#8230;&#8230;&#8230;&#8230;&#8230;&#8230;&#8230;&#8230;&#8230;&#8230;&#8230;&#8230;&#8230;..<\/p>\n\n\n\n<p><strong>2)&nbsp;<\/strong>&nbsp;&#8230;&#8230;&#8230;&#8230;&#8230;&#8230;&#8230;&#8230;&#8230;&#8230;&#8230;&#8230;&#8230;&#8230;&#8230;&#8230;&#8230;&#8230;&#8230;..&nbsp;<\/p>\n\n\n\n<p><strong>3)&nbsp;<\/strong>&nbsp;&#8230;&#8230;&#8230;&#8230;&#8230;&#8230;&#8230;&#8230;&#8230;&#8230;&#8230;&#8230;&#8230;&#8230;&#8230;&#8230;&#8230;&#8230;&#8230;..&nbsp;<\/p>\n\n\n\n<p>&nbsp;&nbsp;&#8230;&#8230;&#8230;&#8230;&#8230;&#8230;&#8230;&#8230;&#8230;&#8230;&#8230;&#8230;&#8230;&#8230;&#8230;&#8230;&#8230;&#8230;&#8230;&#8230;&#8230;&#8230;&#8230;..&nbsp;Kul\u00fcb\u00fc Derne\u011fi<\/p>\n\n\n\n<p>&nbsp;&nbsp;&nbsp;&nbsp;(tarih-m\u00fch\u00fcr)&nbsp;&nbsp;&nbsp;&nbsp;<\/p>\n\n\n\n<table class=\"wp-block-table\"><tbody><tr><td><strong>&nbsp;Ba\u015fkan<\/strong><\/td><td><strong>&nbsp;\u0130kinci Ba\u015fkan&nbsp;&nbsp;&nbsp;&nbsp;&nbsp;&nbsp;<\/strong><\/td><\/tr><tr><td>&nbsp;\u00dcye<\/td><td>&nbsp;\u00dcye<\/td><td>&nbsp;\u00dcye&nbsp;&nbsp;&nbsp;&nbsp;&nbsp;<\/td><\/tr><\/tbody><\/table>\n\n\n\n<p><strong>&nbsp;<\/strong><\/p>\n\n\n\n<p>Not: Bu taahh\u00fctname kul\u00fcp ba\u015fkan\u0131, ikinci ba\u015fkan ve y\u00f6netim kurulu \u00fcyelerince imzalanacakt\u0131r.<\/p>\n\n\n\n<p>&nbsp;&nbsp;&nbsp;EK &#8211; 2&nbsp;GEN\u00c7L\u0130K KUL\u00dcPLER\u0130 TESC\u0130L TAAHH\u00dcTNAMES\u0130&nbsp;&nbsp;Kul\u00fcb\u00fcm\u00fcz\u00fcn tescil edilmesi halinde, Te\u015fkilat\u0131n kanun, t\u00fcz\u00fck, y\u00f6netmelik, y\u00f6nerge, genelge, tebli\u011f ve emirlerine tamamen uyaca\u011f\u0131m\u0131z\u0131, talep edilmesi halinde kullan\u0131m s\u0131ras\u0131nda do\u011fabilecek zarar\u0131n kar\u015f\u0131lanmas\u0131 ve sigorta ettirilmesi \u015fart\u0131 ile kul\u00fcbe ait malzemeleri Te\u015fkilat\u0131n emrine tahsis edece\u011fimizi, a\u015fa\u011f\u0131da belirtilen gen\u00e7lik faaliyeti t\u00fcr\u00fcnde\/t\u00fcrlerinde faaliyette bulunaca\u011f\u0131m\u0131z\u0131, her gen\u00e7lik faaliyeti t\u00fcr\u00fc i\u00e7in gen\u00e7lik lideri veya e\u011fitmen bulunduraca\u011f\u0131m\u0131z\u0131 taahh\u00fct eder, kul\u00fcp t\u00fcz\u00fc\u011f\u00fcne ve Gen\u00e7lik ve Spor Genel M\u00fcd\u00fcrl\u00fc\u011f\u00fc Gen\u00e7lik ve Spor Kul\u00fcpleri Y\u00f6netmeli\u011fi h\u00fck\u00fcmlerine ayk\u0131r\u0131 hareket etti\u011fimiz takdirde, kul\u00fcb\u00fcm\u00fcz\u00fcn Te\u015fkilattaki tescilinin iptal olunmas\u0131n\u0131 kabul ederiz.&nbsp;&nbsp;&nbsp;<\/p>\n\n\n\n<p>Taahh\u00fct edilen gen\u00e7lik faaliyeti t\u00fcr\u00fc\/t\u00fcrleri:<\/p>\n\n\n\n<p><strong>1)&nbsp;&nbsp;<\/strong>&#8230;&#8230;&#8230;&#8230;&#8230;&#8230;&#8230;&#8230;&#8230;&#8230;&#8230;&#8230;&#8230;&#8230;&#8230;&#8230;&#8230;&#8230;&#8230;..<\/p>\n\n\n\n<p><strong>2)&nbsp;<\/strong>&#8230;&#8230;&#8230;&#8230;&#8230;&#8230;&#8230;&#8230;&#8230;&#8230;&#8230;&#8230;&#8230;&#8230;&#8230;&#8230;&#8230;&#8230;&#8230;..<\/p>\n\n\n\n<p><strong>3)<\/strong>&nbsp;&#8230;&#8230;&#8230;&#8230;&#8230;&#8230;&#8230;&#8230;&#8230;&#8230;&#8230;&#8230;&#8230;&#8230;&#8230;&#8230;&#8230;&#8230;&#8230;..<\/p>\n\n\n\n<p>&nbsp;&#8230;&#8230;&#8230;&#8230;&#8230;&#8230;&#8230;&#8230;&#8230;&#8230;&#8230;&#8230;&#8230;&#8230;&#8230;&#8230;&#8230;&#8230;&#8230;&#8230;&#8230;&#8230;&#8230;..&nbsp;Kul\u00fcb\u00fc Derne\u011fi&nbsp;&nbsp;&nbsp;&nbsp;&nbsp;&nbsp;<\/p>\n\n\n\n<p>&nbsp; &nbsp;&nbsp;&nbsp;&nbsp;&nbsp;&nbsp;&nbsp;&nbsp; (tarih-m\u00fch\u00fcr)&nbsp;&nbsp;&nbsp;<\/p>\n\n\n\n<table class=\"wp-block-table\"><tbody><tr><td>&nbsp;<strong>Ba\u015fkan<\/strong><\/td><td>&nbsp;<\/td><td>&nbsp;<strong>\u0130kinci Ba\u015fkan&nbsp;&nbsp;&nbsp;<\/strong>&nbsp;&nbsp;&nbsp;<\/td><\/tr><tr><td>&nbsp;\u00dcye<\/td><td>&nbsp;\u00dcye<\/td><td>&nbsp;\u00dcye&nbsp;&nbsp;&nbsp;&nbsp;&nbsp;<\/td><\/tr><\/tbody><\/table>\n\n\n\n<p><strong>&nbsp;<\/strong><\/p>\n\n\n\n<p>Not: Bu taahh\u00fctname kul\u00fcp ba\u015fkan\u0131, ikinci ba\u015fkan ve y\u00f6netim kurulu \u00fcyelerince imzalanacakt\u0131r.<\/p>\n\n\n\n<p>&nbsp;<strong>EK &#8211; 3 SPOR KUL\u00dcPLER\u0130 B\u0130LG\u0130 FORMU<\/strong><\/p>\n\n\n\n<figure class=\"wp-block-image\"><img decoding=\"async\" src=\"https:\/\/www.dernekler.gov.tr\/media\/templates\/dernekler\/images\/folder\/SPOR-KUL%C3%9CB%C3%9C-B%C4%B0LG%C4%B0-FORMU-EK-3.doc\" alt=\"\"\/><\/figure>\n\n\n\n<p>&nbsp;&nbsp;tescili\u00a8&nbsp;isim de\u011fi\u015fikli\u011fi\u00a8&nbsp;renk de\u011fi\u015fikli\u011fi\u00a8&nbsp;spor dal\u0131 ilavesi\u00a8&nbsp;spor dal\u0131 iptali\u00a8&nbsp;tescil iptali\u00a8&nbsp;di\u011fer&nbsp;\u2026\u2026\u2026\u2026\u2026\u2026\u2026\u2026..&nbsp;&nbsp;&nbsp;&nbsp;&nbsp;&nbsp;&nbsp;&nbsp;Gen\u00e7lik ve Spor \u0130l M\u00fcd\u00fcr\u00fc&nbsp;&nbsp;&nbsp;(tarih &#8211; imza &#8211; m\u00fch\u00fcr)&nbsp;&nbsp;<\/p>\n\n\n\n<p>Not: Bu form \u00fc\u00e7 n\u00fcsha olarak haz\u0131rlanacakt\u0131r.<strong>EK \u2013 4&nbsp;&nbsp;&nbsp;&nbsp;&nbsp;&nbsp;GEN\u00c7L\u0130K KUL\u00dcPLER\u0130 B\u0130LG\u0130 FORMU&nbsp;<\/strong><\/p>\n\n\n\n<table class=\"wp-block-table\"><tbody><tr><td>Kul\u00fcb\u00fcn ad\u0131 :<\/td><\/tr><tr><td>Tescil numaras\u0131 :<\/td><\/tr><tr><td>Tescil tarihi :<\/td><\/tr><\/tbody><\/table>\n\n\n\n<table class=\"wp-block-table\"><tbody><tr><td>Kul\u00fcb\u00fcn merkezinin bulundu\u011fu il\/il\u00e7e\/kasaba\/k\u00f6y\u00fcn ad\u0131 :<\/td><\/tr><tr><td>Adresi :<\/td><\/tr><tr><td>Telefonu ve faks\u0131 :<\/td><\/tr><tr><td>Web sayfas\u0131 ve e-posta adresi :<\/td><\/tr><tr><td>\u015eubesi ve ileti\u015fim bilgileri :<\/td><\/tr><\/tbody><\/table>\n\n\n\n<table class=\"wp-block-table\"><tbody><tr><td>Faaliyetlerin&nbsp;ger\u00e7ekle\u015ftirildi\u011fi tesisler :<\/td><\/tr><\/tbody><\/table>\n\n\n\n<table class=\"wp-block-table\"><tbody><tr><td>\u0130sim de\u011fi\u015fikli\u011finden sonra ald\u0131\u011f\u0131 isim :<\/td><\/tr><tr><td>Gen\u00e7lik faaliyeti t\u00fcr\u00fc :<\/td><\/tr><tr><td>\u0130lave edilen gen\u00e7lik faaliyeti t\u00fcr\u00fc :<\/td><\/tr><tr><td>\u0130ptal edilen gen\u00e7lik faaliyeti t\u00fcr\u00fc :<\/td><\/tr><tr><td>Tescil iptal tarihi :<\/td><\/tr><tr><td>Di\u011fer i\u015flemler :<\/td><\/tr><\/tbody><\/table>\n\n\n\n<table class=\"wp-block-table\"><tbody><tr><td>Formun dolduruldu\u011fu tarih :<\/td><\/tr><\/tbody><\/table>\n\n\n\n<p>&#8230;&#8230;&#8230;&#8230;&#8230;&#8230;&#8230;&#8230;&#8230;&#8230;&#8230;&#8230;&#8230;&#8230;&#8230;&#8230;&#8230;&#8230;&#8230;&#8230;&#8230;&#8230;&#8230;&#8230;.&nbsp;Kul\u00fcb\u00fcn\u00fcn belgeleri incelenmi\u015f ve a\u015fa\u011f\u0131da belirtilen i\u015flemin yap\u0131lmas\u0131 uygun bulunmu\u015ftur:&nbsp;<\/p>\n\n\n\n<p>\u00a8&nbsp;tescili<\/p>\n\n\n\n<p>\u00a8&nbsp;isim de\u011fi\u015fikli\u011fi<\/p>\n\n\n\n<p>\u00a8&nbsp;gen\u00e7lik faaliyeti t\u00fcr\u00fc ilavesi<\/p>\n\n\n\n<p>\u00a8&nbsp;gen\u00e7lik faaliyeti t\u00fcr\u00fc iptali<\/p>\n\n\n\n<p>\u00a8&nbsp;tescil iptali<\/p>\n\n\n\n<p>\u00a8&nbsp;di\u011fer&nbsp;\u2026\u2026\u2026\u2026\u2026\u2026\u2026\u2026..&nbsp;&nbsp;&nbsp;&nbsp;&nbsp;&nbsp;&nbsp;&nbsp;&nbsp; &nbsp;&nbsp;&nbsp;&nbsp;&nbsp;<\/p>\n\n\n\n<p>Gen\u00e7lik ve Spor \u0130l M\u00fcd\u00fcr\u00fc<\/p>\n\n\n\n<p>Not: Bu form \u00fc\u00e7 n\u00fcsha olarak haz\u0131rlanacakt\u0131r.&nbsp; &nbsp; &nbsp; &nbsp; &nbsp; &nbsp; &nbsp; &nbsp; &nbsp; &nbsp; &nbsp; &nbsp; &nbsp; &nbsp; &nbsp; &nbsp; &nbsp; &nbsp; &nbsp; &nbsp; &nbsp;(tarih &#8211; imza &#8211; m\u00fch\u00fcr)<\/p>\n","protected":false},"excerpt":{"rendered":"<p>Derneklerden ba\u015fvurmalar\u0131 halinde; spor faaliyetine y\u00f6nelik olanlar spor kul\u00fcb\u00fc, bo\u015f zamanlar\u0131 de\u011ferlendirme faaliyetine y\u00f6nelik olanlar gen\u00e7lik kul\u00fcb\u00fc ve her iki faaliyeti birlikte ama\u00e7layanlar gen\u00e7lik ve spor kul\u00fcb\u00fc stat\u00fcs\u00fcn\u00fc kazan\u0131rlar. Dernekler, a\u00e7mak istedikleri Spor Kul\u00fcplerini a\u015fa\u011f\u0131daki Y\u00f6netmeli\u011fe g\u00f6re a\u00e7abilirler. Gen\u00e7lik ve Spor Kul\u00fcpleri Y\u00f6netmeli\u011fi Gen\u00e7lik ve Spor Kul\u00fcpleri Y\u00f6netmeli\u011fi (Resmi Gazete Tarihi: 08\/07\/2005 Say\u0131s\u0131: 25869) (08&hellip; <br \/> <a class=\"read-more\" href=\"http:\/\/www.dernekdanismani.org\/index.php\/spor-kulubu-acma\/\">Devam\u0131<\/a><\/p>\n","protected":false},"author":1,"featured_media":0,"parent":0,"menu_order":0,"comment_status":"closed","ping_status":"closed","template":"","meta":{"footnotes":""},"class_list":["post-203","page","type-page","status-publish","hentry"],"_links":{"self":[{"href":"http:\/\/www.dernekdanismani.org\/index.php\/wp-json\/wp\/v2\/pages\/203","targetHints":{"allow":["GET"]}}],"collection":[{"href":"http:\/\/www.dernekdanismani.org\/index.php\/wp-json\/wp\/v2\/pages"}],"about":[{"href":"http:\/\/www.dernekdanismani.org\/index.php\/wp-json\/wp\/v2\/types\/page"}],"author":[{"embeddable":true,"href":"http:\/\/www.dernekdanismani.org\/index.php\/wp-json\/wp\/v2\/users\/1"}],"replies":[{"embeddable":true,"href":"http:\/\/www.dernekdanismani.org\/index.php\/wp-json\/wp\/v2\/comments?post=203"}],"version-history":[{"count":1,"href":"http:\/\/www.dernekdanismani.org\/index.php\/wp-json\/wp\/v2\/pages\/203\/revisions"}],"predecessor-version":[{"id":204,"href":"http:\/\/www.dernekdanismani.org\/index.php\/wp-json\/wp\/v2\/pages\/203\/revisions\/204"}],"wp:attachment":[{"href":"http:\/\/www.dernekdanismani.org\/index.php\/wp-json\/wp\/v2\/media?parent=203"}],"curies":[{"name":"wp","href":"https:\/\/api.w.org\/{rel}","templated":true}]}}